{"id":404,"date":"2023-02-09T14:28:55","date_gmt":"2023-02-09T14:28:55","guid":{"rendered":"https:\/\/engelberg-ferienwohnung.ch\/kontakt-faq\/"},"modified":"2024-11-12T16:28:07","modified_gmt":"2024-11-12T16:28:07","slug":"kontakt-faq","status":"publish","type":"page","link":"https:\/\/engelberg-ferienwohnung.ch\/de\/kontakt-faq\/","title":{"rendered":"Kontakt &amp; FAQ"},"content":{"rendered":"<p>[et_pb_section fb_built=&#8220;1&#8243; admin_label=&#8220;Header&#8220; _builder_version=&#8220;4.17.6&#8243; _module_preset=&#8220;default&#8220; background_color=&#8220;#EBE4DD&#8220; custom_padding=&#8220;0px||0px||false|false&#8220; collapsed=&#8220;on&#8220; global_colors_info=&#8220;{}&#8220;][et_pb_row column_structure=&#8220;1_2,1_2&#8243; use_custom_gutter=&#8220;on&#8220; gutter_width=&#8220;1&#8243; _builder_version=&#8220;4.17.6&#8243; _module_preset=&#8220;default&#8220; custom_padding=&#8220;0px||0px||false|false&#8220; global_colors_info=&#8220;{}&#8220;][et_pb_column type=&#8220;1_2&#8243; _builder_version=&#8220;4.17.6&#8243; _module_preset=&#8220;default&#8220; custom_padding=&#8220;8%|8%|8%||true|false&#8220; global_colors_info=&#8220;{}&#8220;][et_pb_text _builder_version=&#8220;4.17.6&#8243; _module_preset=&#8220;c16985e1-e0d6-4022-964d-e2bfc04fa633&#8243; header_font=&#8220;Manrope|700|||||||&#8220; header_text_color=&#8220;#000000&#8243; header_font_size=&#8220;75px&#8220; header_letter_spacing=&#8220;0.05em&#8220; header_line_height=&#8220;1.2em&#8220; header_font_size_tablet=&#8220;40px&#8220; header_font_size_phone=&#8220;24px&#8220; header_font_size_last_edited=&#8220;on|desktop&#8220; global_colors_info=&#8220;{}&#8220;]<\/p>\n<h1>Kontakt<\/h1>\n<p>[\/et_pb_text][et_pb_text _builder_version=&#8220;4.19.5&#8243; _module_preset=&#8220;1f09816e-184e-4ce5-a4cf-b39c52c423ca&#8220; text_font=&#8220;Open Sans||||||||&#8220; text_text_color=&#8220;#666666&#8243; text_font_size=&#8220;16px&#8220; text_line_height=&#8220;1.8em&#8220; link_text_color=&#8220;#666666&#8243; custom_margin=&#8220;||30px||false|false&#8220; text_font_size_tablet=&#8220;15px&#8220; text_font_size_phone=&#8220;14px&#8220; text_font_size_last_edited=&#8220;on|phone&#8220; header_font_size_tablet=&#8220;55px&#8220; header_font_size_last_edited=&#8220;off|desktop&#8220; global_colors_info=&#8220;{}&#8220;]<\/p>\n<p>Sie k\u00f6nnen uns telefonisch, per E-Mail oder \u00fcber unser Kontaktformular auf der Website erreichen, und wir werden umgehend auf Ihre Anfrage reagieren. Wir freuen uns darauf, von Ihnen zu h\u00f6ren.<\/p>\n<p>[\/et_pb_text][et_pb_contact_form use_spam_service=&#8220;on&#8220; recaptcha_list=&#8220;engelberg-ferienwohnungch|engelberg-ferienwohnungch-0&#8243; email=&#8220;info@engelberg-ferienwohnung.ch&#8220; success_message=&#8220;Vielen Dank f\u00fcr Ihre Nachricht!&#8220; _builder_version=&#8220;4.19.5&#8243; _module_preset=&#8220;5e3e188f-e30c-4fb5-a14e-87f877a4619f&#8220; _unique_id=&#8220;02fe1195-c858-433a-9e18-a413ec39c796&#8243; form_field_background_color=&#8220;#FFFFFF&#8220; form_field_text_color=&#8220;#000000&#8243; form_field_custom_padding=&#8220;16px|16px|16px|16px|true|true&#8220; captcha_font=&#8220;Open Sans||||||||&#8220; captcha_text_color=&#8220;#FFFFFF&#8220; form_field_font=&#8220;Inter|700||on|||||&#8220; custom_button=&#8220;on&#8220; button_text_size=&#8220;14px&#8220; button_text_color=&#8220;#FFFFFF&#8220; button_bg_color=&#8220;#008186&#8243; button_border_width=&#8220;0px&#8220; button_border_radius=&#8220;0px&#8220; button_font=&#8220;Inter|700||on|||||&#8220; button_custom_padding=&#8220;16px|24px|16px|24px|true|true&#8220; locked=&#8220;off&#8220; global_colors_info=&#8220;{}&#8220;][et_pb_contact_field field_id=&#8220;Name&#8220; field_title=&#8220;Name&#8220; fullwidth_field=&#8220;on&#8220; _builder_version=&#8220;4.16&#8243; _module_preset=&#8220;default&#8220; global_colors_info=&#8220;{}&#8220; button_text_size__hover_enabled=&#8220;off&#8220; button_one_text_size__hover_enabled=&#8220;off&#8220; button_two_text_size__hover_enabled=&#8220;off&#8220; button_text_color__hover_enabled=&#8220;off&#8220; button_one_text_color__hover_enabled=&#8220;off&#8220; button_two_text_color__hover_enabled=&#8220;off&#8220; button_border_width__hover_enabled=&#8220;off&#8220; button_one_border_width__hover_enabled=&#8220;off&#8220; button_two_border_width__hover_enabled=&#8220;off&#8220; button_border_color__hover_enabled=&#8220;off&#8220; button_one_border_color__hover_enabled=&#8220;off&#8220; button_two_border_color__hover_enabled=&#8220;off&#8220; button_border_radius__hover_enabled=&#8220;off&#8220; button_one_border_radius__hover_enabled=&#8220;off&#8220; button_two_border_radius__hover_enabled=&#8220;off&#8220; button_letter_spacing__hover_enabled=&#8220;off&#8220; button_one_letter_spacing__hover_enabled=&#8220;off&#8220; button_two_letter_spacing__hover_enabled=&#8220;off&#8220; button_bg_color__hover_enabled=&#8220;off&#8220; button_one_bg_color__hover_enabled=&#8220;off&#8220; button_two_bg_color__hover_enabled=&#8220;off&#8220;][\/et_pb_contact_field][et_pb_contact_field field_id=&#8220;Email&#8220; field_title=&#8220;E-Mail Adresse&#8220; field_type=&#8220;email&#8220; fullwidth_field=&#8220;on&#8220; _builder_version=&#8220;4.16&#8243; _module_preset=&#8220;default&#8220; global_colors_info=&#8220;{}&#8220; button_text_size__hover_enabled=&#8220;off&#8220; button_one_text_size__hover_enabled=&#8220;off&#8220; button_two_text_size__hover_enabled=&#8220;off&#8220; button_text_color__hover_enabled=&#8220;off&#8220; button_one_text_color__hover_enabled=&#8220;off&#8220; button_two_text_color__hover_enabled=&#8220;off&#8220; button_border_width__hover_enabled=&#8220;off&#8220; button_one_border_width__hover_enabled=&#8220;off&#8220; button_two_border_width__hover_enabled=&#8220;off&#8220; button_border_color__hover_enabled=&#8220;off&#8220; button_one_border_color__hover_enabled=&#8220;off&#8220; button_two_border_color__hover_enabled=&#8220;off&#8220; button_border_radius__hover_enabled=&#8220;off&#8220; button_one_border_radius__hover_enabled=&#8220;off&#8220; button_two_border_radius__hover_enabled=&#8220;off&#8220; button_letter_spacing__hover_enabled=&#8220;off&#8220; button_one_letter_spacing__hover_enabled=&#8220;off&#8220; button_two_letter_spacing__hover_enabled=&#8220;off&#8220; button_bg_color__hover_enabled=&#8220;off&#8220; button_one_bg_color__hover_enabled=&#8220;off&#8220; button_two_bg_color__hover_enabled=&#8220;off&#8220;][\/et_pb_contact_field][et_pb_contact_field field_id=&#8220;Message&#8220; field_title=&#8220;Nachricht&#8220; field_type=&#8220;text&#8220; fullwidth_field=&#8220;on&#8220; _builder_version=&#8220;4.16&#8243; _module_preset=&#8220;default&#8220; global_colors_info=&#8220;{}&#8220; button_text_size__hover_enabled=&#8220;off&#8220; button_one_text_size__hover_enabled=&#8220;off&#8220; button_two_text_size__hover_enabled=&#8220;off&#8220; button_text_color__hover_enabled=&#8220;off&#8220; button_one_text_color__hover_enabled=&#8220;off&#8220; button_two_text_color__hover_enabled=&#8220;off&#8220; button_border_width__hover_enabled=&#8220;off&#8220; button_one_border_width__hover_enabled=&#8220;off&#8220; button_two_border_width__hover_enabled=&#8220;off&#8220; button_border_color__hover_enabled=&#8220;off&#8220; button_one_border_color__hover_enabled=&#8220;off&#8220; button_two_border_color__hover_enabled=&#8220;off&#8220; button_border_radius__hover_enabled=&#8220;off&#8220; button_one_border_radius__hover_enabled=&#8220;off&#8220; button_two_border_radius__hover_enabled=&#8220;off&#8220; button_letter_spacing__hover_enabled=&#8220;off&#8220; button_one_letter_spacing__hover_enabled=&#8220;off&#8220; button_two_letter_spacing__hover_enabled=&#8220;off&#8220; button_bg_color__hover_enabled=&#8220;off&#8220; button_one_bg_color__hover_enabled=&#8220;off&#8220; button_two_bg_color__hover_enabled=&#8220;off&#8220;][\/et_pb_contact_field][\/et_pb_contact_form][\/et_pb_column][et_pb_column type=&#8220;1_2&#8243; _builder_version=&#8220;4.17.6&#8243; _module_preset=&#8220;default&#8220; global_colors_info=&#8220;{}&#8220;][et_pb_map address=&#8220;Zelglistrasse 19, 6390 Engelberg, Schweiz&#8220; zoom_level=&#8220;14&#8243; address_lat=&#8220;46.8246924&#8243; address_lng=&#8220;8.4011195&#8243; mouse_wheel=&#8220;off&#8220; _builder_version=&#8220;4.19.5&#8243; _module_preset=&#8220;default&#8220; height=&#8220;100vh&#8220; height_tablet=&#8220;350px&#8220; height_phone=&#8220;200px&#8220; height_last_edited=&#8220;on|phone&#8220; custom_margin=&#8220;|-20vw|||false|false&#8220; global_colors_info=&#8220;{}&#8220;][et_pb_map_pin pin_address=&#8220;Zelglistrasse 19, 6390 Engelberg, Schweiz&#8220; zoom_level=&#8220;16&#8243; pin_address_lat=&#8220;46.8246924&#8243; pin_address_lng=&#8220;8.4011195&#8243; _builder_version=&#8220;4.19.5&#8243; _module_preset=&#8220;default&#8220; global_colors_info=&#8220;{}&#8220;][\/et_pb_map_pin][\/et_pb_map][\/et_pb_column][\/et_pb_row][\/et_pb_section][et_pb_section fb_built=&#8220;1&#8243; make_equal=&#8220;on&#8220; use_custom_gutter=&#8220;on&#8220; gutter_width=&#8220;1&#8243; specialty=&#8220;on&#8220; background_color_1=&#8220;#D37643&#8243; padding_top_1=&#8220;60px&#8220; padding_top_2=&#8220;60px&#8220; padding_right_1=&#8220;60px&#8220; padding_bottom_1=&#8220;60px&#8220; padding_bottom_2=&#8220;60px&#8220; padding_left_1=&#8220;60px&#8220; padding_left_2=&#8220;60px&#8220; padding_top_bottom_link_1=&#8220;true&#8220; padding_top_bottom_link_2=&#8220;true&#8220; padding_left_right_link_1=&#8220;true&#8220; padding_left_right_link_2=&#8220;false&#8220; padding_1_tablet=&#8220;30px|30px|30px|30px|true|true&#8220; padding_2_tablet=&#8220;30px|30px|30px|30px|true|true&#8220; padding_1_phone=&#8220;|20px||20px|false|true&#8220; padding_2_phone=&#8220;20px|20px|20px|20px|true|true&#8220; padding_1_last_edited=&#8220;on|phone&#8220; padding_2_last_edited=&#8220;on|phone&#8220; admin_label=&#8220;Contact Info&#8220; _builder_version=&#8220;4.17.6&#8243; _module_preset=&#8220;default&#8220; custom_padding=&#8220;0px||||false|false&#8220; collapsed=&#8220;off&#8220; global_colors_info=&#8220;{}&#8220;][et_pb_column type=&#8220;1_2&#8243; _builder_version=&#8220;4.16&#8243; custom_padding=&#8220;|||&#8220; global_colors_info=&#8220;{}&#8220; custom_padding__hover=&#8220;|||&#8220;][\/et_pb_column][et_pb_column type=&#8220;1_2&#8243; specialty_columns=&#8220;2&#8243; _builder_version=&#8220;4.16&#8243; custom_padding=&#8220;|||&#8220; global_colors_info=&#8220;{}&#8220; custom_padding__hover=&#8220;|||&#8220;][et_pb_row_inner _builder_version=&#8220;4.17.6&#8243; _module_preset=&#8220;default&#8220; global_colors_info=&#8220;{}&#8220;][et_pb_column_inner saved_specialty_column_type=&#8220;1_2&#8243; _builder_version=&#8220;4.17.6&#8243; _module_preset=&#8220;default&#8220; global_colors_info=&#8220;{}&#8220;][et_pb_text _builder_version=&#8220;4.17.6&#8243; _module_preset=&#8220;b327cbe4-b1d5-4b66-ad37-40c8f2f061ba&#8220; header_2_font=&#8220;Manrope|700|||||||&#8220; header_2_text_color=&#8220;#000000&#8243; header_2_font_size=&#8220;48px&#8220; header_2_line_height=&#8220;1.2em&#8220; header_2_font_size_tablet=&#8220;32px&#8220; header_2_font_size_phone=&#8220;20px&#8220; header_2_font_size_last_edited=&#8220;on|desktop&#8220; global_colors_info=&#8220;{}&#8220;]<\/p>\n<h2>Anfahrt<\/h2>\n<p>[\/et_pb_text][\/et_pb_column_inner][\/et_pb_row_inner][et_pb_row_inner column_structure=&#8220;1_2,1_2&#8243; _builder_version=&#8220;4.17.6&#8243; _module_preset=&#8220;default&#8220; global_colors_info=&#8220;{}&#8220;][et_pb_column_inner type=&#8220;1_2&#8243; saved_specialty_column_type=&#8220;1_2&#8243; _builder_version=&#8220;4.17.6&#8243; _module_preset=&#8220;default&#8220; global_colors_info=&#8220;{}&#8220;][et_pb_text _builder_version=&#8220;4.17.6&#8243; _module_preset=&#8220;4827deed-2a92-4d97-a22f-f01067ae6873&#8243; header_font=&#8220;||||||||&#8220; header_4_font=&#8220;Manrope|700|||||||&#8220; header_4_text_color=&#8220;#000000&#8243; header_4_font_size=&#8220;19px&#8220; header_4_line_height=&#8220;1.4em&#8220; custom_margin=&#8220;||0px||false|false&#8220; header_4_font_size_tablet=&#8220;16px&#8220; header_4_font_size_phone=&#8220;14px&#8220; header_4_font_size_last_edited=&#8220;on|tablet&#8220; global_colors_info=&#8220;{}&#8220;]<\/p>\n<h4>Mit dem Bus<\/h4>\n<p>[\/et_pb_text][et_pb_text _builder_version=&#8220;4.20.0&#8243; _module_preset=&#8220;4c43b4b6-66bf-432d-959a-705bda24a650&#8243; text_font=&#8220;Open Sans||||||||&#8220; text_text_color=&#8220;#666666&#8243; text_line_height=&#8220;1.8em&#8220; link_font=&#8220;|600|||||||&#8220; link_text_color=&#8220;#008186&#8243; header_font_size_tablet=&#8220;55px&#8220; header_font_size_last_edited=&#8220;off|desktop&#8220; global_colors_info=&#8220;{}&#8220;]<\/p>\n<p>Nehmen Sie den kostenlosen Skibus Nr. 304 bis zur Haltestelle &#8222;Zelglistrasse&#8220;. Von dort aus gehen Sie 5-10 Minuten bergauf.<\/p>\n<p><a href=\"https:\/\/www.engelberg.ch\/fileadmin\/redakteur\/engelberg_Rebrush_2021\/PDF_2020\/2022-23_Busfahrplan_Winter_EAB_90x148_4f_WEB.pdf\" target=\"_blank\" rel=\"noopener\">FREE SKI BUS Fahrplan 2022\/23<\/a><\/p>\n<p>&nbsp;<\/p>\n<p>[\/et_pb_text][\/et_pb_column_inner][et_pb_column_inner type=&#8220;1_2&#8243; saved_specialty_column_type=&#8220;1_2&#8243; _builder_version=&#8220;4.17.6&#8243; _module_preset=&#8220;default&#8220; global_colors_info=&#8220;{}&#8220;][et_pb_text _builder_version=&#8220;4.19.5&#8243; _module_preset=&#8220;4827deed-2a92-4d97-a22f-f01067ae6873&#8243; header_font=&#8220;||||||||&#8220; header_4_font=&#8220;Manrope|700|||||||&#8220; header_4_text_color=&#8220;#000000&#8243; header_4_font_size=&#8220;19px&#8220; header_4_line_height=&#8220;1.4em&#8220; custom_margin=&#8220;||0px||false|false&#8220; header_4_font_size_tablet=&#8220;16px&#8220; header_4_font_size_phone=&#8220;14px&#8220; header_4_font_size_last_edited=&#8220;on|tablet&#8220; global_colors_info=&#8220;{}&#8220;]<\/p>\n<h4>Mit dem Taxi<\/h4>\n<p>[\/et_pb_text][et_pb_text _builder_version=&#8220;4.19.5&#8243; _module_preset=&#8220;4c43b4b6-66bf-432d-959a-705bda24a650&#8243; text_font=&#8220;Open Sans||||||||&#8220; text_text_color=&#8220;#666666&#8243; text_line_height=&#8220;1.8em&#8220; link_font=&#8220;|600|||||||&#8220; link_text_color=&#8220;#008186&#8243; global_colors_info=&#8220;{}&#8220;]<\/p>\n<p>Taxi Hess: <a href=\"tel:+41796699415\">+41 79 669 94 15<\/a><\/p>\n<p>Titlis Taxi: <a href=\"tel:+41799039373\">+41 79 903 93 73<\/a><\/p>\n<p>[\/et_pb_text][\/et_pb_column_inner][\/et_pb_row_inner][et_pb_row_inner column_structure=&#8220;1_2,1_2&#8243; _builder_version=&#8220;4.17.6&#8243; _module_preset=&#8220;default&#8220; global_colors_info=&#8220;{}&#8220;][et_pb_column_inner type=&#8220;1_2&#8243; saved_specialty_column_type=&#8220;1_2&#8243; _builder_version=&#8220;4.17.6&#8243; _module_preset=&#8220;default&#8220; global_colors_info=&#8220;{}&#8220;][et_pb_text _builder_version=&#8220;4.17.6&#8243; _module_preset=&#8220;4827deed-2a92-4d97-a22f-f01067ae6873&#8243; header_font=&#8220;||||||||&#8220; header_4_font=&#8220;Manrope|700|||||||&#8220; header_4_text_color=&#8220;#000000&#8243; header_4_font_size=&#8220;19px&#8220; header_4_line_height=&#8220;1.4em&#8220; custom_margin=&#8220;||0px||false|false&#8220; header_4_font_size_tablet=&#8220;16px&#8220; header_4_font_size_phone=&#8220;14px&#8220; header_4_font_size_last_edited=&#8220;on|tablet&#8220; global_colors_info=&#8220;{}&#8220;]<\/p>\n<h4>Mit dem Zug<\/h4>\n<p>[\/et_pb_text][et_pb_text _builder_version=&#8220;4.19.5&#8243; _module_preset=&#8220;4c43b4b6-66bf-432d-959a-705bda24a650&#8243; text_font=&#8220;Open Sans||||||||&#8220; text_text_color=&#8220;#666666&#8243; text_line_height=&#8220;1.8em&#8220; link_font=&#8220;|600|||||||&#8220; link_text_color=&#8220;#008186&#8243; global_colors_info=&#8220;{}&#8220;]<\/p>\n<p>Zwischen Luzern und Engelberg verkehren Z\u00fcge alle 30 Minuten.<\/p>\n<p>F\u00fcr den Fahrplan besuchen Sie: <a href=\"https:\/\/www.sbb.ch\/en\/home.html\" target=\"_blank\" rel=\"noopener\">sbb.ch<\/a><\/p>\n<p>[\/et_pb_text][\/et_pb_column_inner][et_pb_column_inner type=&#8220;1_2&#8243; saved_specialty_column_type=&#8220;1_2&#8243; _builder_version=&#8220;4.17.6&#8243; _module_preset=&#8220;default&#8220; global_colors_info=&#8220;{}&#8220;][et_pb_text _builder_version=&#8220;4.19.5&#8243; _module_preset=&#8220;4827deed-2a92-4d97-a22f-f01067ae6873&#8243; header_font=&#8220;||||||||&#8220; header_4_font=&#8220;Manrope|700|||||||&#8220; header_4_text_color=&#8220;#000000&#8243; header_4_font_size=&#8220;19px&#8220; header_4_line_height=&#8220;1.4em&#8220; custom_margin=&#8220;||0px||false|false&#8220; header_4_font_size_tablet=&#8220;16px&#8220; header_4_font_size_phone=&#8220;14px&#8220; header_4_font_size_last_edited=&#8220;on|tablet&#8220; global_colors_info=&#8220;{}&#8220;]<\/p>\n<h4>Mit dem Auto<\/h4>\n<p>[\/et_pb_text][et_pb_text _builder_version=&#8220;4.19.5&#8243; _module_preset=&#8220;4c43b4b6-66bf-432d-959a-705bda24a650&#8243; text_font=&#8220;Open Sans||||||||&#8220; text_text_color=&#8220;#666666&#8243; text_line_height=&#8220;1.8em&#8220; link_font=&#8220;|600|||||||&#8220; link_text_color=&#8220;#008186&#8243; global_colors_info=&#8220;{}&#8220;]<\/p>\n<p>Von Engelberg aus folgen Sie der Schwandstrasse und biegen scharf rechts in die Zelglistrasse ein. Das Haus ist in der 3. Spitzkehre.<\/p>\n<p>[\/et_pb_text][\/et_pb_column_inner][\/et_pb_row_inner][\/et_pb_column][\/et_pb_section][et_pb_section fb_built=&#8220;1&#8243; admin_label=&#8220;FAQ&#8220; _builder_version=&#8220;4.17.6&#8243; _module_preset=&#8220;default&#8220; global_module=&#8220;266&#8243; saved_tabs=&#8220;all&#8220; collapsed=&#8220;on&#8220; global_colors_info=&#8220;{}&#8220;][et_pb_row _builder_version=&#8220;4.17.6&#8243; _module_preset=&#8220;default&#8220; global_colors_info=&#8220;{}&#8220;][et_pb_column type=&#8220;4_4&#8243; _builder_version=&#8220;4.17.6&#8243; _module_preset=&#8220;default&#8220; global_colors_info=&#8220;{}&#8220;][et_pb_text _builder_version=&#8220;4.17.6&#8243; _module_preset=&#8220;b327cbe4-b1d5-4b66-ad37-40c8f2f061ba&#8220; header_2_font=&#8220;Manrope|700|||||||&#8220; header_2_text_color=&#8220;#000000&#8243; header_2_font_size=&#8220;48px&#8220; header_2_line_height=&#8220;1.2em&#8220; text_orientation=&#8220;center&#8220; header_2_font_size_tablet=&#8220;32px&#8220; header_2_font_size_phone=&#8220;20px&#8220; header_2_font_size_last_edited=&#8220;on|desktop&#8220; global_colors_info=&#8220;{}&#8220;]<\/p>\n<h2>H\u00e4ufig gestellte Fragen<\/h2>\n<p>[\/et_pb_text][\/et_pb_column][\/et_pb_row][et_pb_row column_structure=&#8220;1_2,1_2&#8243; _builder_version=&#8220;4.17.6&#8243; _module_preset=&#8220;default&#8220; global_colors_info=&#8220;{}&#8220;][et_pb_column type=&#8220;1_2&#8243; _builder_version=&#8220;4.17.6&#8243; _module_preset=&#8220;default&#8220; global_colors_info=&#8220;{}&#8220;][et_pb_text _builder_version=&#8220;4.20.0&#8243; _module_preset=&#8220;4827deed-2a92-4d97-a22f-f01067ae6873&#8243; header_font=&#8220;||||||||&#8220; header_4_font=&#8220;Manrope|700|||||||&#8220; header_4_text_color=&#8220;#000000&#8243; header_4_font_size=&#8220;19px&#8220; header_4_line_height=&#8220;1.4em&#8220; custom_margin=&#8220;||0px||false|false&#8220; header_4_font_size_tablet=&#8220;16px&#8220; header_4_font_size_phone=&#8220;14px&#8220; header_4_font_size_last_edited=&#8220;on|tablet&#8220; global_colors_info=&#8220;{}&#8220;]<\/p>\n<h4>Wie ist die Ferienwohnung ausgestattet?, Gibt es z. B. eine K\u00fcche, Wi-Fi und TV?<\/h4>\n<p>[\/et_pb_text][et_pb_text _builder_version=&#8220;4.20.0&#8243; _module_preset=&#8220;4c43b4b6-66bf-432d-959a-705bda24a650&#8243; text_font=&#8220;Open Sans||||||||&#8220; text_text_color=&#8220;#666666&#8243; text_line_height=&#8220;1.8em&#8220; link_font=&#8220;|600|||||||&#8220; link_text_color=&#8220;#008186&#8243; header_font_size_tablet=&#8220;55px&#8220; header_font_size_last_edited=&#8220;off|desktop&#8220; global_colors_info=&#8220;{}&#8220;]<\/p>\n<p>Die Wohnung verf\u00fcgt \u00fcber eine voll ausgestattete K\u00fcche, Wi-Fi und einen Smart TV. F\u00fcr eine vollst\u00e4ndige Liste der Austattung besuchen Sie bitte <a href=\"https:\/\/engelberg-ferienwohnung.ch\/de\/annehmlichkeiten\/\">AUSTATTUNG<\/a>.<\/p>\n<p>[\/et_pb_text][\/et_pb_column][et_pb_column type=&#8220;1_2&#8243; _builder_version=&#8220;4.17.6&#8243; _module_preset=&#8220;default&#8220; global_colors_info=&#8220;{}&#8220;][et_pb_text _builder_version=&#8220;4.20.0&#8243; _module_preset=&#8220;4827deed-2a92-4d97-a22f-f01067ae6873&#8243; header_font=&#8220;||||||||&#8220; header_4_font=&#8220;Manrope|700|||||||&#8220; header_4_text_color=&#8220;#000000&#8243; header_4_font_size=&#8220;19px&#8220; header_4_line_height=&#8220;1.4em&#8220; custom_margin=&#8220;||0px||false|false&#8220; header_4_font_size_tablet=&#8220;16px&#8220; header_4_font_size_phone=&#8220;14px&#8220; header_4_font_size_last_edited=&#8220;on|tablet&#8220; global_colors_info=&#8220;{}&#8220;]<\/p>\n<h4>Gibt es zus\u00e4tzliche Geb\u00fchren, wie z. B. Reinigungsgeb\u00fchren oder Steuern, die ich beachten sollte?<\/h4>\n<p>[\/et_pb_text][et_pb_text _builder_version=&#8220;4.20.0&#8243; _module_preset=&#8220;4c43b4b6-66bf-432d-959a-705bda24a650&#8243; text_font=&#8220;Open Sans||||||||&#8220; text_text_color=&#8220;#666666&#8243; text_line_height=&#8220;1.8em&#8220; link_text_color=&#8220;#666666&#8243; header_font_size_tablet=&#8220;55px&#8220; header_font_size_last_edited=&#8220;off|desktop&#8220; global_colors_info=&#8220;{}&#8220;]<\/p>\n<p>Ja, es wird eine Reinigungsgeb\u00fchr von CHF 200 erhoben.<\/p>\n<p>[\/et_pb_text][\/et_pb_column][\/et_pb_row][et_pb_row column_structure=&#8220;1_2,1_2&#8243; _builder_version=&#8220;4.17.6&#8243; _module_preset=&#8220;default&#8220; global_colors_info=&#8220;{}&#8220;][et_pb_column type=&#8220;1_2&#8243; _builder_version=&#8220;4.17.6&#8243; _module_preset=&#8220;default&#8220; global_colors_info=&#8220;{}&#8220;][et_pb_text _builder_version=&#8220;4.20.0&#8243; _module_preset=&#8220;4827deed-2a92-4d97-a22f-f01067ae6873&#8243; header_font=&#8220;||||||||&#8220; header_4_font=&#8220;Manrope|700|||||||&#8220; header_4_text_color=&#8220;#000000&#8243; header_4_font_size=&#8220;19px&#8220; header_4_line_height=&#8220;1.4em&#8220; custom_margin=&#8220;||0px||false|false&#8220; header_4_font_size_tablet=&#8220;16px&#8220; header_4_font_size_phone=&#8220;14px&#8220; header_4_font_size_last_edited=&#8220;on|tablet&#8220; global_colors_info=&#8220;{}&#8220;]<\/p>\n<h4>Wie viele Personen k\u00f6nnen in der Wohnung untergebracht werden, und welche Schlafm\u00f6glichkeiten gibt es?<\/h4>\n<p>[\/et_pb_text][et_pb_text _builder_version=&#8220;4.20.0&#8243; _module_preset=&#8220;4c43b4b6-66bf-432d-959a-705bda24a650&#8243; text_font=&#8220;Open Sans||||||||&#8220; text_text_color=&#8220;#666666&#8243; text_line_height=&#8220;1.8em&#8220; link_text_color=&#8220;#666666&#8243; header_font_size_tablet=&#8220;55px&#8220; header_font_size_last_edited=&#8220;off|desktop&#8220; global_colors_info=&#8220;{}&#8220;]<\/p>\n<p>Die Wohnung kann maximal 6 Personen beherbergen. Wir empfehlen die Wohnung jedoch nicht f\u00fcr 6 Erwachsene, da der Platz etwas knapp werden kann und es nur eine Dusche\/Badewanne gibt. Die Wohnung ist perfekt geeignet f\u00fcr bis zu 5 Erwachsene oder 2 Erwachsene und bis zu 4 Kinder zum Beispiel.<\/p>\n<p>[\/et_pb_text][\/et_pb_column][et_pb_column type=&#8220;1_2&#8243; _builder_version=&#8220;4.17.6&#8243; _module_preset=&#8220;default&#8220; global_colors_info=&#8220;{}&#8220;][et_pb_text _builder_version=&#8220;4.20.0&#8243; _module_preset=&#8220;4827deed-2a92-4d97-a22f-f01067ae6873&#8243; header_font=&#8220;||||||||&#8220; header_4_font=&#8220;Manrope|700|||||||&#8220; header_4_text_color=&#8220;#000000&#8243; header_4_font_size=&#8220;19px&#8220; header_4_line_height=&#8220;1.4em&#8220; custom_margin=&#8220;||0px||false|false&#8220; header_4_font_size_tablet=&#8220;16px&#8220; header_4_font_size_phone=&#8220;14px&#8220; header_4_font_size_last_edited=&#8220;on|tablet&#8220; global_colors_info=&#8220;{}&#8220;]<\/p>\n<h4>Gibt es einen Parkplatz an der Wohnung, und ist dieser im Mietpreis inbegriffen?<\/h4>\n<p>[\/et_pb_text][et_pb_text _builder_version=&#8220;4.20.0&#8243; _module_preset=&#8220;4c43b4b6-66bf-432d-959a-705bda24a650&#8243; text_font=&#8220;Open Sans||||||||&#8220; text_text_color=&#8220;#666666&#8243; text_line_height=&#8220;1.8em&#8220; link_text_color=&#8220;#666666&#8243; header_font_size_tablet=&#8220;55px&#8220; header_font_size_last_edited=&#8220;off|desktop&#8220; global_colors_info=&#8220;{}&#8220;]<\/p>\n<p>Ja, es gibt eine Garage, in die ein normal grosses Auto passt, und vor der Garage gibt es 2 zus\u00e4tzliche Parkpl\u00e4tze. Die Parkpl\u00e4tze sind im Mietpreis enthalten.<\/p>\n<p>[\/et_pb_text][\/et_pb_column][\/et_pb_row][et_pb_row column_structure=&#8220;1_2,1_2&#8243; _builder_version=&#8220;4.17.6&#8243; _module_preset=&#8220;default&#8220; global_colors_info=&#8220;{}&#8220;][et_pb_column type=&#8220;1_2&#8243; _builder_version=&#8220;4.17.6&#8243; _module_preset=&#8220;default&#8220; global_colors_info=&#8220;{}&#8220;][et_pb_text _builder_version=&#8220;4.20.0&#8243; _module_preset=&#8220;4827deed-2a92-4d97-a22f-f01067ae6873&#8243; header_font=&#8220;||||||||&#8220; header_4_font=&#8220;Manrope|700|||||||&#8220; header_4_text_color=&#8220;#000000&#8243; header_4_font_size=&#8220;19px&#8220; header_4_line_height=&#8220;1.4em&#8220; custom_margin=&#8220;||0px||false|false&#8220; header_4_font_size_tablet=&#8220;16px&#8220; header_4_font_size_phone=&#8220;14px&#8220; header_4_font_size_last_edited=&#8220;on|tablet&#8220; global_colors_info=&#8220;{}&#8220;]<\/p>\n<h4>Wie l\u00e4uft das Ein- und Auschecken ab, und gibt es besondere Anweisungen, die ich beachten sollte?<\/h4>\n<p>[\/et_pb_text][et_pb_text _builder_version=&#8220;4.20.0&#8243; _module_preset=&#8220;4c43b4b6-66bf-432d-959a-705bda24a650&#8243; text_font=&#8220;Open Sans||||||||&#8220; text_text_color=&#8220;#666666&#8243; text_line_height=&#8220;1.8em&#8220; link_text_color=&#8220;#666666&#8243; header_font_size_tablet=&#8220;55px&#8220; header_font_size_last_edited=&#8220;off|desktop&#8220; global_colors_info=&#8220;{}&#8220;]<\/p>\n<p>Wir werden pers\u00f6nlich vor Ort sein, um Ihnen beim Einchecken zu helfen und Ihnen alles zu erkl\u00e4ren. Allerdings werden wir bei der Abreise nicht anwesend sein, ein kurzer Videoanruf ist notwendig, um das Haus und alle Schalterstellungen der Heizung und elektronischen Ger\u00e4te zu \u00fcberpr\u00fcfen (Sicherheitsmassnahme).<\/p>\n<p>[\/et_pb_text][\/et_pb_column][et_pb_column type=&#8220;1_2&#8243; _builder_version=&#8220;4.17.6&#8243; _module_preset=&#8220;default&#8220; global_colors_info=&#8220;{}&#8220;][et_pb_text _builder_version=&#8220;4.20.0&#8243; _module_preset=&#8220;4827deed-2a92-4d97-a22f-f01067ae6873&#8243; header_font=&#8220;||||||||&#8220; header_4_font=&#8220;Manrope|700|||||||&#8220; header_4_text_color=&#8220;#000000&#8243; header_4_font_size=&#8220;19px&#8220; header_4_line_height=&#8220;1.4em&#8220; custom_margin=&#8220;||0px||false|false&#8220; header_4_font_size_tablet=&#8220;16px&#8220; header_4_font_size_phone=&#8220;14px&#8220; header_4_font_size_last_edited=&#8220;on|tablet&#8220; global_colors_info=&#8220;{}&#8220;]<\/p>\n<h4>Wie lauten die Stornierungsbedingungen f\u00fcr die Vermietung der Wohnung?<\/h4>\n<p>[\/et_pb_text][et_pb_text _builder_version=&#8220;4.20.0&#8243; _module_preset=&#8220;4c43b4b6-66bf-432d-959a-705bda24a650&#8243; text_font=&#8220;Open Sans||||||||&#8220; text_text_color=&#8220;#666666&#8243; text_line_height=&#8220;1.8em&#8220; link_text_color=&#8220;#666666&#8243; header_font_size_tablet=&#8220;55px&#8220; header_font_size_last_edited=&#8220;off|desktop&#8220; global_colors_info=&#8220;{}&#8220;]<\/p>\n<p>Die Reservierung kann bis zu 2 Wochen vor Beginn der Reservierung storniert werden und wird vollst\u00e4ndig erstattet.<\/p>\n<p>[\/et_pb_text][\/et_pb_column][\/et_pb_row][et_pb_row column_structure=&#8220;1_2,1_2&#8243; _builder_version=&#8220;4.17.6&#8243; _module_preset=&#8220;default&#8220; global_colors_info=&#8220;{}&#8220;][et_pb_column type=&#8220;1_2&#8243; _builder_version=&#8220;4.17.6&#8243; _module_preset=&#8220;default&#8220; global_colors_info=&#8220;{}&#8220;][et_pb_text _builder_version=&#8220;4.20.0&#8243; _module_preset=&#8220;4827deed-2a92-4d97-a22f-f01067ae6873&#8243; header_font=&#8220;||||||||&#8220; header_4_font=&#8220;Manrope|700|||||||&#8220; header_4_text_color=&#8220;#000000&#8243; header_4_font_size=&#8220;19px&#8220; header_4_line_height=&#8220;1.4em&#8220; custom_margin=&#8220;||0px||false|false&#8220; header_4_font_size_tablet=&#8220;16px&#8220; header_4_font_size_phone=&#8220;14px&#8220; header_4_font_size_last_edited=&#8220;on|tablet&#8220; global_colors_info=&#8220;{}&#8220;]<\/p>\n<h4>Gibt es in der N\u00e4he Restaurants, Lebensmittell\u00e4den oder andere Einrichtungen, die ich kennenlernen sollte?<\/h4>\n<p>[\/et_pb_text][et_pb_text _builder_version=&#8220;4.20.0&#8243; _module_preset=&#8220;4c43b4b6-66bf-432d-959a-705bda24a650&#8243; text_font=&#8220;Open Sans||||||||&#8220; text_text_color=&#8220;#666666&#8243; text_line_height=&#8220;1.8em&#8220; link_text_color=&#8220;#666666&#8243; header_font_size_tablet=&#8220;55px&#8220; header_font_size_last_edited=&#8220;off|desktop&#8220; global_colors_info=&#8220;{}&#8220;]<\/p>\n<p>Die Wohnung befindet sich am Hang oberhalb des Dorfes Engelberg. Das Dorf und alle Gesch\u00e4fte und Restaurants sind in 3 Minuten mit dem Auto (wenn die Strasse nicht schneebedeckt ist) oder in 10-15 Minuten zu Fuss (bergab schneller als bergauf \ud83d\ude42 zu erreichen. Es gibt auch einen Aufzug, der als Abk\u00fcrzung auf dem Weg nach oben dient.<\/p>\n<p>[\/et_pb_text][\/et_pb_column][et_pb_column type=&#8220;1_2&#8243; _builder_version=&#8220;4.17.6&#8243; _module_preset=&#8220;default&#8220; global_colors_info=&#8220;{}&#8220;][et_pb_text _builder_version=&#8220;4.20.0&#8243; _module_preset=&#8220;4827deed-2a92-4d97-a22f-f01067ae6873&#8243; header_font=&#8220;||||||||&#8220; header_4_font=&#8220;Manrope|700|||||||&#8220; header_4_text_color=&#8220;#000000&#8243; header_4_font_size=&#8220;19px&#8220; header_4_line_height=&#8220;1.4em&#8220; custom_margin=&#8220;||0px||false|false&#8220; header_4_font_size_tablet=&#8220;16px&#8220; header_4_font_size_phone=&#8220;14px&#8220; header_4_font_size_last_edited=&#8220;on|tablet&#8220; global_colors_info=&#8220;{}&#8220;]<\/p>\n<h4>K\u00f6nnen Sie einen Skiverleih oder eine Skischule in der N\u00e4he empfehlen?<\/h4>\n<p>[\/et_pb_text][et_pb_text _builder_version=&#8220;4.20.0&#8243; _module_preset=&#8220;4c43b4b6-66bf-432d-959a-705bda24a650&#8243; text_font=&#8220;Open Sans||||||||&#8220; text_text_color=&#8220;#666666&#8243; text_line_height=&#8220;1.8em&#8220; link_font=&#8220;|600|||||||&#8220; link_text_color=&#8220;#008186&#8243; header_font_size_tablet=&#8220;55px&#8220; header_font_size_last_edited=&#8220;off|desktop&#8220; global_colors_info=&#8220;{}&#8220;]<\/p>\n<p>Im Ort Engelberg finden Sie zahlreiche Skiverleihe wie Quattro Sport, Gisin Sport, Titlis Sport, Achermann Sport, St\u00f6ckli Ski, Go-In Sport und viele mehr.<\/p>\n<p>Die 2 wichtigsten Skischulen in Engelberg sind die <a href=\"https:\/\/www.skischule-engelberg.ch\/\" target=\"_blank\" rel=\"noopener\">Schweizer Skischule<\/a> und die <a href=\"https:\/\/www.prime-engelberg.ch\/en\/\" target=\"_blank\" rel=\"noopener\">Prime Ski School<\/a>.<\/p>\n<p>Beide Skischulen bieten Gruppen- und Privatunterricht f\u00fcr Kinder und Erwachsene an.<\/p>\n<p>[\/et_pb_text][\/et_pb_column][\/et_pb_row][et_pb_row column_structure=&#8220;1_2,1_2&#8243; _builder_version=&#8220;4.17.6&#8243; _module_preset=&#8220;default&#8220; global_colors_info=&#8220;{}&#8220;][et_pb_column type=&#8220;1_2&#8243; _builder_version=&#8220;4.17.6&#8243; _module_preset=&#8220;default&#8220; global_colors_info=&#8220;{}&#8220;][et_pb_text _builder_version=&#8220;4.20.0&#8243; _module_preset=&#8220;4827deed-2a92-4d97-a22f-f01067ae6873&#8243; header_font=&#8220;||||||||&#8220; header_4_font=&#8220;Manrope|700|||||||&#8220; header_4_text_color=&#8220;#000000&#8243; header_4_font_size=&#8220;19px&#8220; header_4_line_height=&#8220;1.4em&#8220; custom_margin=&#8220;||0px||false|false&#8220; header_4_font_size_tablet=&#8220;16px&#8220; header_4_font_size_phone=&#8220;14px&#8220; header_4_font_size_last_edited=&#8220;on|tablet&#8220; global_colors_info=&#8220;{}&#8220;]<\/p>\n<h4>Gibt es einen Balkon oder einen Aussenbereich, den die G\u00e4ste nutzen k\u00f6nnen?<\/h4>\n<p>[\/et_pb_text][et_pb_text _builder_version=&#8220;4.20.0&#8243; _module_preset=&#8220;4c43b4b6-66bf-432d-959a-705bda24a650&#8243; text_font=&#8220;Open Sans||||||||&#8220; text_text_color=&#8220;#666666&#8243; text_line_height=&#8220;1.8em&#8220; link_text_color=&#8220;#666666&#8243; header_font_size_tablet=&#8220;55px&#8220; header_font_size_last_edited=&#8220;off|desktop&#8220; global_colors_info=&#8220;{}&#8220;]<\/p>\n<p>Ja, es gibt einen grossen Balkon, der eine fantastische Aussicht \u00fcber das ganze Tal, das Dorf Engelberg und den Titlis bietet.<\/p>\n<p>Auf dem Balkon gibt es Sitzgelegenheiten und einen Tisch.<\/p>\n<p>[\/et_pb_text][\/et_pb_column][et_pb_column type=&#8220;1_2&#8243; _builder_version=&#8220;4.17.6&#8243; _module_preset=&#8220;default&#8220; global_colors_info=&#8220;{}&#8220;][et_pb_text _builder_version=&#8220;4.20.0&#8243; _module_preset=&#8220;4827deed-2a92-4d97-a22f-f01067ae6873&#8243; header_font=&#8220;||||||||&#8220; header_4_font=&#8220;Manrope|700|||||||&#8220; header_4_text_color=&#8220;#000000&#8243; header_4_font_size=&#8220;19px&#8220; header_4_line_height=&#8220;1.4em&#8220; custom_margin=&#8220;||0px||false|false&#8220; header_4_font_size_tablet=&#8220;16px&#8220; header_4_font_size_phone=&#8220;14px&#8220; header_4_font_size_last_edited=&#8220;on|tablet&#8220; global_colors_info=&#8220;{}&#8220;]<\/p>\n<h4>Wie ist die Politik in Bezug auf Haustiere, und sind sie in der Wohnung erlaubt?<\/h4>\n<p>[\/et_pb_text][et_pb_text _builder_version=&#8220;4.20.0&#8243; _module_preset=&#8220;4c43b4b6-66bf-432d-959a-705bda24a650&#8243; text_font=&#8220;Open Sans||||||||&#8220; text_text_color=&#8220;#666666&#8243; text_line_height=&#8220;1.8em&#8220; link_text_color=&#8220;#666666&#8243; header_font_size_tablet=&#8220;55px&#8220; header_font_size_last_edited=&#8220;off|desktop&#8220; global_colors_info=&#8220;{}&#8220;]<\/p>\n<p>Wir lieben Haustiere, aber Haustiere sind in der Wohnung leider nicht erlaubt, da der Boden mit Teppich ausgelegt ist.<\/p>\n<p>[\/et_pb_text][\/et_pb_column][\/et_pb_row][et_pb_row column_structure=&#8220;1_2,1_2&#8243; _builder_version=&#8220;4.17.6&#8243; _module_preset=&#8220;default&#8220; global_colors_info=&#8220;{}&#8220;][et_pb_column type=&#8220;1_2&#8243; _builder_version=&#8220;4.17.6&#8243; _module_preset=&#8220;default&#8220; global_colors_info=&#8220;{}&#8220;][et_pb_text _builder_version=&#8220;4.20.0&#8243; _module_preset=&#8220;4827deed-2a92-4d97-a22f-f01067ae6873&#8243; header_font=&#8220;||||||||&#8220; header_4_font=&#8220;Manrope|700|||||||&#8220; header_4_text_color=&#8220;#000000&#8243; header_4_font_size=&#8220;19px&#8220; header_4_line_height=&#8220;1.4em&#8220; custom_margin=&#8220;||0px||false|false&#8220; header_4_font_size_tablet=&#8220;16px&#8220; header_4_font_size_phone=&#8220;14px&#8220; header_4_font_size_last_edited=&#8220;on|tablet&#8220; global_colors_info=&#8220;{}&#8220;]<\/p>\n<h4>Ist eine Kaution f\u00fcr die Ferienwohnung zu hinterlegen?<\/h4>\n<p>[\/et_pb_text][et_pb_text _builder_version=&#8220;4.20.0&#8243; _module_preset=&#8220;4c43b4b6-66bf-432d-959a-705bda24a650&#8243; text_font=&#8220;Open Sans||||||||&#8220; text_text_color=&#8220;#666666&#8243; text_line_height=&#8220;1.8em&#8220; link_text_color=&#8220;#666666&#8243; header_font_size_tablet=&#8220;55px&#8220; header_font_size_last_edited=&#8220;off|desktop&#8220; global_colors_info=&#8220;{}&#8220;]<\/p>\n<p>Ja, sobald Sie Ihre Reservierung best\u00e4tigen, werden Sie gebeten, 1\/3 des Gesamtmietpreises per Bank\u00fcberweisung oder TWINT zu bezahlen.<\/p>\n<p>Der Restbetrag ist vor dem Check-in f\u00e4llig.<\/p>\n<p>Dieser Betrag kann im Falle einer Stornierung bis zu 2 Wochen vor Beginn der Reservierung vollst\u00e4ndig zur\u00fcckerstattet werden.<\/p>\n<p>Stornierungen innerhalb von 2 Wochen vor Beginn der Reservierung werden nicht zur\u00fcckerstattet.<\/p>\n<p>[\/et_pb_text][\/et_pb_column][et_pb_column type=&#8220;1_2&#8243; _builder_version=&#8220;4.17.6&#8243; _module_preset=&#8220;default&#8220; global_colors_info=&#8220;{}&#8220;][et_pb_text _builder_version=&#8220;4.20.0&#8243; _module_preset=&#8220;4827deed-2a92-4d97-a22f-f01067ae6873&#8243; header_font=&#8220;||||||||&#8220; header_4_font=&#8220;Manrope|700|||||||&#8220; header_4_text_color=&#8220;#000000&#8243; header_4_font_size=&#8220;19px&#8220; header_4_line_height=&#8220;1.4em&#8220; custom_margin=&#8220;||0px||false|false&#8220; header_4_font_size_tablet=&#8220;16px&#8220; header_4_font_size_phone=&#8220;14px&#8220; header_4_font_size_last_edited=&#8220;on|tablet&#8220; global_colors_info=&#8220;{}&#8220;]<\/p>\n<h4>K\u00f6nnen Sie Empfehlungen f\u00fcr den Transport zum und vom Skigebiet geben?<\/h4>\n<p>[\/et_pb_text][et_pb_text _builder_version=&#8220;4.20.0&#8243; _module_preset=&#8220;4c43b4b6-66bf-432d-959a-705bda24a650&#8243; text_font=&#8220;Open Sans||||||||&#8220; text_text_color=&#8220;#666666&#8243; text_line_height=&#8220;1.8em&#8220; link_font=&#8220;|600|||||||&#8220; link_text_color=&#8220;#008186&#8243; header_font_size_tablet=&#8220;55px&#8220; header_font_size_last_edited=&#8220;off|desktop&#8220; global_colors_info=&#8220;{}&#8220;]<\/p>\n<p>Die billigste und einfachste Variante ist die Fahrt mit dem kostenlosen Skibus. Von der Wohnung aus sind es 3 Minuten zu Fuss bis zur Busstation &#8222;ZELGLI&#8220;, von dort bringt Sie der Bus direkt zur Talstation der Titlis-Seilbahnen und zur\u00fcck. Gesamtdauer etwa 15 Minuten.<\/p>\n<p><a href=\"https:\/\/www.titlis.ch\/PDF\/TITLIS\/1%20Info\/Prospekte\/Busfahrplan\/2022-23_Busfahrplan_Winter.pdf\" target=\"_blank\" rel=\"noopener\">FREE SKI BUS Fahrplan 2022\/23<\/a><\/p>\n<p>Zu Fuss braucht man etwa 20-30 Minuten von der Wohnung zur Talstation.<\/p>\n<p>Mit dem Auto sind es 10 Minuten, das Parken kostet 5 Franken f\u00fcr den ganzen Tag an der Talstation.<\/p>\n<p>[\/et_pb_text][\/et_pb_column][\/et_pb_row][et_pb_row column_structure=&#8220;1_2,1_2&#8243; _builder_version=&#8220;4.17.6&#8243; _module_preset=&#8220;default&#8220; global_colors_info=&#8220;{}&#8220;][et_pb_column type=&#8220;1_2&#8243; _builder_version=&#8220;4.17.6&#8243; _module_preset=&#8220;default&#8220; global_colors_info=&#8220;{}&#8220;][et_pb_text _builder_version=&#8220;4.20.0&#8243; _module_preset=&#8220;4827deed-2a92-4d97-a22f-f01067ae6873&#8243; header_font=&#8220;||||||||&#8220; header_4_font=&#8220;Manrope|700|||||||&#8220; header_4_text_color=&#8220;#000000&#8243; header_4_font_size=&#8220;19px&#8220; header_4_line_height=&#8220;1.4em&#8220; custom_margin=&#8220;||0px||false|false&#8220; header_4_font_size_tablet=&#8220;16px&#8220; header_4_font_size_phone=&#8220;14px&#8220; header_4_font_size_last_edited=&#8220;on|tablet&#8220; global_colors_info=&#8220;{}&#8220;]<\/p>\n<h4>Ist das Rauchen in der Wohnung erlaubt?<\/h4>\n<p>[\/et_pb_text][et_pb_text _builder_version=&#8220;4.20.0&#8243; _module_preset=&#8220;4c43b4b6-66bf-432d-959a-705bda24a650&#8243; text_font=&#8220;Open Sans||||||||&#8220; text_text_color=&#8220;#666666&#8243; text_line_height=&#8220;1.8em&#8220; link_text_color=&#8220;#666666&#8243; header_font_size_tablet=&#8220;55px&#8220; header_font_size_last_edited=&#8220;off|desktop&#8220; global_colors_info=&#8220;{}&#8220;]<\/p>\n<p>Nein, das Rauchen ist in der Wohnung nicht erlaubt. Sie k\u00f6nnen jedoch auf dem Balkon rauchen.<\/p>\n<p>[\/et_pb_text][\/et_pb_column][et_pb_column type=&#8220;1_2&#8243; _builder_version=&#8220;4.17.6&#8243; _module_preset=&#8220;default&#8220; global_colors_info=&#8220;{}&#8220;][et_pb_text _builder_version=&#8220;4.20.0&#8243; _module_preset=&#8220;4827deed-2a92-4d97-a22f-f01067ae6873&#8243; header_font=&#8220;||||||||&#8220; header_4_font=&#8220;Manrope|700|||||||&#8220; header_4_text_color=&#8220;#000000&#8243; header_4_font_size=&#8220;19px&#8220; header_4_line_height=&#8220;1.4em&#8220; custom_margin=&#8220;||0px||false|false&#8220; header_4_font_size_tablet=&#8220;16px&#8220; header_4_font_size_phone=&#8220;14px&#8220; header_4_font_size_last_edited=&#8220;on|tablet&#8220; global_colors_info=&#8220;{}&#8220;]<\/p>\n<h4>Gibt es in der Wohnung eine Waschmaschine und einen Trockner, oder gibt es in der N\u00e4he Waschm\u00f6glichkeiten?<\/h4>\n<p>[\/et_pb_text][et_pb_text _builder_version=&#8220;4.20.0&#8243; _module_preset=&#8220;4c43b4b6-66bf-432d-959a-705bda24a650&#8243; text_font=&#8220;Open Sans||||||||&#8220; text_text_color=&#8220;#666666&#8243; text_line_height=&#8220;1.8em&#8220; link_text_color=&#8220;#666666&#8243; header_font_size_tablet=&#8220;55px&#8220; header_font_size_last_edited=&#8220;off|desktop&#8220; global_colors_info=&#8220;{}&#8220;]<\/p>\n<p>Ja, es gibt eine Waschmaschine und einen Trockner, die benutzt werden k\u00f6nnen. F\u00fcr die Nutzung von beidem wird eine geringe Geb\u00fchr erhoben.<\/p>\n<p>Es gibt jedoch nicht viele M\u00f6glichkeiten die W\u00e4sche zum Trocknen aufzuh\u00e4ngen.<\/p>\n<p>[\/et_pb_text][\/et_pb_column][\/et_pb_row][et_pb_row column_structure=&#8220;1_2,1_2&#8243; _builder_version=&#8220;4.17.6&#8243; _module_preset=&#8220;default&#8220; global_colors_info=&#8220;{}&#8220;][et_pb_column type=&#8220;1_2&#8243; _builder_version=&#8220;4.17.6&#8243; _module_preset=&#8220;default&#8220; global_colors_info=&#8220;{}&#8220;][et_pb_text _builder_version=&#8220;4.20.0&#8243; _module_preset=&#8220;4827deed-2a92-4d97-a22f-f01067ae6873&#8243; header_font=&#8220;||||||||&#8220; header_4_font=&#8220;Manrope|700|||||||&#8220; header_4_text_color=&#8220;#000000&#8243; header_4_font_size=&#8220;19px&#8220; header_4_line_height=&#8220;1.4em&#8220; custom_margin=&#8220;||0px||false|false&#8220; header_4_font_size_tablet=&#8220;16px&#8220; header_4_font_size_phone=&#8220;14px&#8220; header_4_font_size_last_edited=&#8220;on|tablet&#8220; global_colors_info=&#8220;{}&#8220;]<\/p>\n<h4>Gibt es eine Mindestaufenthaltsdauer?<\/h4>\n<p>[\/et_pb_text][et_pb_text _builder_version=&#8220;4.20.0&#8243; _module_preset=&#8220;4c43b4b6-66bf-432d-959a-705bda24a650&#8243; text_font=&#8220;Open Sans||||||||&#8220; text_text_color=&#8220;#666666&#8243; text_line_height=&#8220;1.8em&#8220; link_text_color=&#8220;#666666&#8243; header_font_size_tablet=&#8220;55px&#8220; header_font_size_last_edited=&#8220;off|desktop&#8220; global_colors_info=&#8220;{}&#8220;]<\/p>\n<p>Ja, der Mindestaufenthalt betr\u00e4gt normalerweise 1 Woche.<\/p>\n<p>Bitte schreiben Sie uns oder rufen Sie uns an, um zu fragen, ob ein k\u00fcrzerer Aufenthalt m\u00f6glich ist.<\/p>\n<p>[\/et_pb_text][\/et_pb_column][et_pb_column type=&#8220;1_2&#8243; _builder_version=&#8220;4.17.6&#8243; _module_preset=&#8220;default&#8220; global_colors_info=&#8220;{}&#8220;][et_pb_text _builder_version=&#8220;4.20.0&#8243; _module_preset=&#8220;4827deed-2a92-4d97-a22f-f01067ae6873&#8243; header_font=&#8220;||||||||&#8220; header_4_font=&#8220;Manrope|700|||||||&#8220; header_4_text_color=&#8220;#000000&#8243; header_4_font_size=&#8220;19px&#8220; header_4_line_height=&#8220;1.4em&#8220; custom_margin=&#8220;||0px||false|false&#8220; header_4_font_size_tablet=&#8220;16px&#8220; header_4_font_size_phone=&#8220;14px&#8220; header_4_font_size_last_edited=&#8220;on|tablet&#8220; global_colors_info=&#8220;{}&#8220;]<\/p>\n<h4>Gibt es in der Ferienwohnung einen Pool oder ein Spa?<\/h4>\n<p>[\/et_pb_text][et_pb_text _builder_version=&#8220;4.20.0&#8243; _module_preset=&#8220;4c43b4b6-66bf-432d-959a-705bda24a650&#8243; text_font=&#8220;Open Sans||||||||&#8220; text_text_color=&#8220;#666666&#8243; text_line_height=&#8220;1.8em&#8220; link_font=&#8220;|600|||||||&#8220; link_text_color=&#8220;#008186&#8243; header_font_size_tablet=&#8220;55px&#8220; header_font_size_last_edited=&#8220;off|desktop&#8220; global_colors_info=&#8220;{}&#8220;]<\/p>\n<p>Nein, in der Wohnung gibt es weder einen Pool noch ein Spa. Sie k\u00f6nnen aber auch die Wellnesseinrichtungen im <a href=\"https:\/\/www.eienwaeldli.ch\/de\/wellness\" target=\"_blank\" rel=\"noopener\">Hotel Eienw\u00e4ldli Wellness<\/a> (5 Autominuten entfernt) nutzen.<\/p>\n<p>[\/et_pb_text][\/et_pb_column][\/et_pb_row][et_pb_row column_structure=&#8220;1_2,1_2&#8243; _builder_version=&#8220;4.17.6&#8243; _module_preset=&#8220;default&#8220; global_colors_info=&#8220;{}&#8220;][et_pb_column type=&#8220;1_2&#8243; _builder_version=&#8220;4.17.6&#8243; _module_preset=&#8220;default&#8220; global_colors_info=&#8220;{}&#8220;][et_pb_text _builder_version=&#8220;4.20.0&#8243; _module_preset=&#8220;4827deed-2a92-4d97-a22f-f01067ae6873&#8243; header_font=&#8220;||||||||&#8220; header_4_font=&#8220;Manrope|700|||||||&#8220; header_4_text_color=&#8220;#000000&#8243; header_4_font_size=&#8220;19px&#8220; header_4_line_height=&#8220;1.4em&#8220; custom_margin=&#8220;||0px||false|false&#8220; header_4_font_size_tablet=&#8220;16px&#8220; header_4_font_size_phone=&#8220;14px&#8220; header_4_font_size_last_edited=&#8220;on|tablet&#8220; global_colors_info=&#8220;{}&#8220;]<\/p>\n<h4>Wie sind die Check-in und Check-out Zeiten?<\/h4>\n<p>[\/et_pb_text][et_pb_text _builder_version=&#8220;4.20.0&#8243; _module_preset=&#8220;4c43b4b6-66bf-432d-959a-705bda24a650&#8243; text_font=&#8220;Open Sans||||||||&#8220; text_text_color=&#8220;#666666&#8243; text_line_height=&#8220;1.8em&#8220; link_text_color=&#8220;#666666&#8243; header_font_size_tablet=&#8220;55px&#8220; header_font_size_last_edited=&#8220;off|desktop&#8220; global_colors_info=&#8220;{}&#8220;]<\/p>\n<p>Check-in: keine bestimmten Zeiten, die Check-in-Zeit wird im Voraus vereinbart. Wir versuchen, uns an Sie anzupassen und Ihnen maximale Flexibilit\u00e4t zu garantieren.<\/p>\n<p>Check-out: sp\u00e4testens um 11 Uhr<\/p>\n<p>[\/et_pb_text][\/et_pb_column][et_pb_column type=&#8220;1_2&#8243; _builder_version=&#8220;4.17.6&#8243; _module_preset=&#8220;default&#8220; global_colors_info=&#8220;{}&#8220;][et_pb_text _builder_version=&#8220;4.20.0&#8243; _module_preset=&#8220;4827deed-2a92-4d97-a22f-f01067ae6873&#8243; header_font=&#8220;||||||||&#8220; header_4_font=&#8220;Manrope|700|||||||&#8220; header_4_text_color=&#8220;#000000&#8243; header_4_font_size=&#8220;19px&#8220; header_4_line_height=&#8220;1.4em&#8220; custom_margin=&#8220;||0px||false|false&#8220; header_4_font_size_tablet=&#8220;16px&#8220; header_4_font_size_phone=&#8220;14px&#8220; header_4_font_size_last_edited=&#8220;on|tablet&#8220; global_colors_info=&#8220;{}&#8220;]<\/p>\n<h4>Gibt es einen Busservice zur und von der Wohnung?<\/h4>\n<p>[\/et_pb_text][et_pb_text _builder_version=&#8220;4.20.0&#8243; _module_preset=&#8220;4c43b4b6-66bf-432d-959a-705bda24a650&#8243; text_font=&#8220;Open Sans||||||||&#8220; text_text_color=&#8220;#666666&#8243; text_line_height=&#8220;1.8em&#8220; link_font=&#8220;|600|||||||&#8220; link_text_color=&#8220;#008186&#8243; header_font_size_tablet=&#8220;55px&#8220; header_font_size_last_edited=&#8220;off|desktop&#8220; global_colors_info=&#8220;{}&#8220;]<\/p>\n<p>Ja, der Gratis-Skibus ist nur 3 Minuten zu Fuss von der Wohnung entfernt. Die n\u00e4chstgelegene Bushaltestelle hei\u00dft &#8222;ZELGLI&#8220;, von dort aus bringt Sie der Bus in die Stadt oder zu den verschiedenen Seilbahnstationen.<\/p>\n<p><a href=\"https:\/\/www.titlis.ch\/PDF\/TITLIS\/1%20Info\/Prospekte\/Busfahrplan\/2022-23_Busfahrplan_Winter.pdf\" target=\"_blank\" rel=\"noopener\">FREE SKI BUS Fahrplan 2022\/23<\/a><\/p>\n<p>[\/et_pb_text][\/et_pb_column][\/et_pb_row][\/et_pb_section][et_pb_section fb_built=&#8220;1&#8243; admin_label=&#8220;Footer&#8220; _builder_version=&#8220;4.17.6&#8243; _module_preset=&#8220;default&#8220; background_color=&#8220;#FAF5EF&#8220; custom_padding=&#8220;||0px||false|false&#8220; global_module=&#8220;96&#8243; saved_tabs=&#8220;all&#8220; collapsed=&#8220;on&#8220; global_colors_info=&#8220;{}&#8220;][et_pb_row column_structure=&#8220;1_3,1_3,1_3&#8243; _builder_version=&#8220;4.17.6&#8243; _module_preset=&#8220;default&#8220; global_colors_info=&#8220;{}&#8220;][et_pb_column type=&#8220;1_3&#8243; _builder_version=&#8220;4.17.6&#8243; _module_preset=&#8220;default&#8220; global_colors_info=&#8220;{}&#8220;][et_pb_image src=&#8220;https:\/\/engelberg-ferienwohnung.ch\/wp-content\/uploads\/2023\/02\/casa-siesta-logo-no-text-250&#215;250-1.png&#8220; title_text=&#8220;casa-siesta-logo-no-text-250&#215;250&#8243; _builder_version=&#8220;4.19.5&#8243; _module_preset=&#8220;default&#8220; width=&#8220;40%&#8220; global_colors_info=&#8220;{}&#8220;][\/et_pb_image][et_pb_text _builder_version=&#8220;4.19.5&#8243; _module_preset=&#8220;4827deed-2a92-4d97-a22f-f01067ae6873&#8243; header_font=&#8220;||||||||&#8220; header_4_font=&#8220;Manrope|700|||||||&#8220; header_4_text_color=&#8220;#000000&#8243; header_4_font_size=&#8220;19px&#8220; header_4_line_height=&#8220;1.4em&#8220; custom_margin=&#8220;||0px||false|false&#8220; header_4_font_size_tablet=&#8220;16px&#8220; header_4_font_size_phone=&#8220;14px&#8220; header_4_font_size_last_edited=&#8220;on|tablet&#8220; global_colors_info=&#8220;{}&#8220;]<\/p>\n<h4>Casa Siesta<\/h4>\n<p>[\/et_pb_text][\/et_pb_column][et_pb_column type=&#8220;1_3&#8243; _builder_version=&#8220;4.17.6&#8243; _module_preset=&#8220;default&#8220; global_colors_info=&#8220;{}&#8220;][et_pb_text _builder_version=&#8220;4.17.6&#8243; _module_preset=&#8220;4827deed-2a92-4d97-a22f-f01067ae6873&#8243; header_font=&#8220;||||||||&#8220; header_4_font=&#8220;Manrope|700|||||||&#8220; header_4_text_color=&#8220;#000000&#8243; header_4_font_size=&#8220;19px&#8220; header_4_line_height=&#8220;1.4em&#8220; custom_margin=&#8220;||20px||false|false&#8220; header_4_font_size_tablet=&#8220;16px&#8220; header_4_font_size_phone=&#8220;14px&#8220; header_4_font_size_last_edited=&#8220;on|tablet&#8220; global_colors_info=&#8220;{}&#8220;]<\/p>\n<h4>Aufenthalt<\/h4>\n<p>[\/et_pb_text][et_pb_text _builder_version=&#8220;4.20.0&#8243; _module_preset=&#8220;1f09816e-184e-4ce5-a4cf-b39c52c423ca&#8220; text_font=&#8220;Open Sans||||||||&#8220; text_text_color=&#8220;#666666&#8243; text_font_size=&#8220;16px&#8220; text_line_height=&#8220;1.8em&#8220; link_font=&#8220;|600|||||||&#8220; link_text_color=&#8220;#008186&#8243; custom_margin=&#8220;||10px||false|false&#8220; text_font_size_tablet=&#8220;15px&#8220; text_font_size_phone=&#8220;14px&#8220; text_font_size_last_edited=&#8220;on|phone&#8220; header_font_size_tablet=&#8220;55px&#8220; header_font_size_last_edited=&#8220;off|desktop&#8220; global_colors_info=&#8220;{}&#8220;]<\/p>\n<p><a href=\"https:\/\/engelberg-ferienwohnung.ch\/rooms\/\">Zimmer<\/a><\/p>\n<p>[\/et_pb_text][et_pb_text _builder_version=&#8220;4.20.0&#8243; _module_preset=&#8220;1f09816e-184e-4ce5-a4cf-b39c52c423ca&#8220; text_font=&#8220;Open Sans||||||||&#8220; text_text_color=&#8220;#666666&#8243; text_font_size=&#8220;16px&#8220; text_line_height=&#8220;1.8em&#8220; link_font=&#8220;|600|||||||&#8220; link_text_color=&#8220;#008186&#8243; custom_margin=&#8220;||10px||false|false&#8220; text_font_size_tablet=&#8220;15px&#8220; text_font_size_phone=&#8220;14px&#8220; text_font_size_last_edited=&#8220;on|phone&#8220; header_font_size_tablet=&#8220;55px&#8220; header_font_size_last_edited=&#8220;off|desktop&#8220; global_colors_info=&#8220;{}&#8220;]<\/p>\n<p><a href=\"https:\/\/engelberg-ferienwohnung.ch\/de\/annehmlichkeiten\/\">Austattung<\/a><\/p>\n<p>[\/et_pb_text][et_pb_text _builder_version=&#8220;4.19.5&#8243; _module_preset=&#8220;1f09816e-184e-4ce5-a4cf-b39c52c423ca&#8220; text_font=&#8220;Open Sans|600|||||||&#8220; text_font_size=&#8220;16px&#8220; text_line_height=&#8220;1.8em&#8220; custom_margin=&#8220;||10px||false|false&#8220; text_font_size_tablet=&#8220;15px&#8220; text_font_size_phone=&#8220;14px&#8220; text_font_size_last_edited=&#8220;on|phone&#8220; header_font_size_tablet=&#8220;55px&#8220; header_font_size_last_edited=&#8220;off|desktop&#8220; global_colors_info=&#8220;{}&#8220;]<\/p>\n<p><a href=\"https:\/\/www.engelberg.ch\/en\/aktuelles-events\/events?tx_fmdlanguagedetection[persist]=1&amp;cHash=ee590d5e01e939d6404a468739758e2f#\/events\" target=\"_blank\" rel=\"noopener\">Veranstaltungen<\/a><\/p>\n<p>[\/et_pb_text][et_pb_text _builder_version=&#8220;4.19.5&#8243; _module_preset=&#8220;1f09816e-184e-4ce5-a4cf-b39c52c423ca&#8220; text_font=&#8220;Open Sans||||||||&#8220; text_text_color=&#8220;#666666&#8243; text_font_size=&#8220;16px&#8220; text_line_height=&#8220;1.8em&#8220; link_font=&#8220;|600|||||||&#8220; custom_margin=&#8220;||10px||false|false&#8220; text_font_size_tablet=&#8220;15px&#8220; text_font_size_phone=&#8220;14px&#8220; text_font_size_last_edited=&#8220;on|phone&#8220; header_font_size_tablet=&#8220;55px&#8220; header_font_size_last_edited=&#8220;off|desktop&#8220; global_colors_info=&#8220;{}&#8220;]<\/p>\n<p><a href=\"https:\/\/www.engelberg.ch\/fileadmin\/redakteur\/engelberg_Rebrush_2021\/PDF_2020\/2022-23_Busfahrplan_Winter_EAB_90x148_4f_WEB.pdf\" target=\"_blank\" rel=\"noopener\">\u00d6ffentliche Verkehrsmittel<\/a><\/p>\n<p>[\/et_pb_text][\/et_pb_column][et_pb_column type=&#8220;1_3&#8243; _builder_version=&#8220;4.17.6&#8243; _module_preset=&#8220;default&#8220; global_colors_info=&#8220;{}&#8220;][et_pb_text _builder_version=&#8220;4.17.6&#8243; _module_preset=&#8220;4827deed-2a92-4d97-a22f-f01067ae6873&#8243; header_font=&#8220;||||||||&#8220; header_4_font=&#8220;Manrope|700|||||||&#8220; header_4_text_color=&#8220;#000000&#8243; header_4_font_size=&#8220;19px&#8220; header_4_line_height=&#8220;1.4em&#8220; custom_margin=&#8220;||20px||false|false&#8220; header_4_font_size_tablet=&#8220;16px&#8220; header_4_font_size_phone=&#8220;14px&#8220; header_4_font_size_last_edited=&#8220;on|tablet&#8220; locked=&#8220;off&#8220; global_colors_info=&#8220;{}&#8220;]<\/p>\n<h4>Kontakt<\/h4>\n<p>[\/et_pb_text][et_pb_button button_url=&#8220;https:\/\/engelberg-ferienwohnung.ch\/contact\/&#8220; button_text=&#8220;Kontakt&#8220; _builder_version=&#8220;4.19.5&#8243; _module_preset=&#8220;db46e67d-9505-40bb-9ebd-8901bc8b3a95&#8243; custom_button=&#8220;on&#8220; button_text_size=&#8220;14px&#8220; button_text_color=&#8220;#FFFFFF&#8220; button_bg_color=&#8220;#000000&#8243; button_border_width=&#8220;0px&#8220; button_border_radius=&#8220;0px&#8220; button_font=&#8220;Inter|700||on|||||&#8220; custom_padding=&#8220;16px|24px|16px|24px|true|true&#8220; global_colors_info=&#8220;{}&#8220;][\/et_pb_button][\/et_pb_column][\/et_pb_row][et_pb_row _builder_version=&#8220;4.17.6&#8243; _module_preset=&#8220;default&#8220; width=&#8220;100%&#8220; max_width=&#8220;100%&#8220; custom_padding=&#8220;||0px||false|false&#8220; global_colors_info=&#8220;{}&#8220;][et_pb_column type=&#8220;4_4&#8243; _builder_version=&#8220;4.17.6&#8243; _module_preset=&#8220;default&#8220; global_colors_info=&#8220;{}&#8220;][et_pb_image src=&#8220;https:\/\/engelberg-ferienwohnung.ch\/wp-content\/uploads\/2023\/02\/hostel_49.png&#8220; title_text=&#8220;hostel_49&#8243; force_fullwidth=&#8220;on&#8220; _builder_version=&#8220;4.17.6&#8243; _module_preset=&#8220;default&#8220; global_colors_info=&#8220;{}&#8220;][\/et_pb_image][\/et_pb_column][\/et_pb_row][\/et_pb_section]<\/p>\n","protected":false},"excerpt":{"rendered":"<p>KontaktSie k\u00f6nnen uns telefonisch, per E-Mail oder \u00fcber unser Kontaktformular auf der Website erreichen, und wir werden umgehend auf Ihre Anfrage reagieren. Wir freuen uns darauf, von Ihnen zu h\u00f6ren.AnfahrtMit dem BusNehmen Sie den kostenlosen Skibus Nr. 304 bis zur Haltestelle &#8222;Zelglistrasse&#8220;. Von dort aus gehen Sie 5-10 Minuten bergauf. FREE SKI BUS Fahrplan 2022\/23 [&hellip;]<\/p>\n","protected":false},"author":1,"featured_media":0,"parent":0,"menu_order":0,"comment_status":"closed","ping_status":"closed","template":"","meta":{"_et_pb_use_builder":"on","_et_pb_old_content":"","_et_gb_content_width":"","footnotes":""},"class_list":["post-404","page","type-page","status-publish","hentry"],"_links":{"self":[{"href":"https:\/\/engelberg-ferienwohnung.ch\/de\/wp-json\/wp\/v2\/pages\/404","targetHints":{"allow":["GET"]}}],"collection":[{"href":"https:\/\/engelberg-ferienwohnung.ch\/de\/wp-json\/wp\/v2\/pages"}],"about":[{"href":"https:\/\/engelberg-ferienwohnung.ch\/de\/wp-json\/wp\/v2\/types\/page"}],"author":[{"embeddable":true,"href":"https:\/\/engelberg-ferienwohnung.ch\/de\/wp-json\/wp\/v2\/users\/1"}],"replies":[{"embeddable":true,"href":"https:\/\/engelberg-ferienwohnung.ch\/de\/wp-json\/wp\/v2\/comments?post=404"}],"version-history":[{"count":16,"href":"https:\/\/engelberg-ferienwohnung.ch\/de\/wp-json\/wp\/v2\/pages\/404\/revisions"}],"predecessor-version":[{"id":971,"href":"https:\/\/engelberg-ferienwohnung.ch\/de\/wp-json\/wp\/v2\/pages\/404\/revisions\/971"}],"wp:attachment":[{"href":"https:\/\/engelberg-ferienwohnung.ch\/de\/wp-json\/wp\/v2\/media?parent=404"}],"curies":[{"name":"wp","href":"https:\/\/api.w.org\/{rel}","templated":true}]}}