{"id":789,"date":"2024-06-07T12:47:25","date_gmt":"2024-06-07T12:47:25","guid":{"rendered":"https:\/\/engelberg-ferienwohnung.ch\/haushandbuch-und-ordnung\/alarmanlage\/"},"modified":"2024-06-07T12:48:08","modified_gmt":"2024-06-07T12:48:08","slug":"alarmanlage","status":"publish","type":"page","link":"https:\/\/engelberg-ferienwohnung.ch\/de\/haushandbuch-und-ordnung\/alarmanlage\/","title":{"rendered":"Alarmanlage"},"content":{"rendered":"<p>[et_pb_section fb_built=&#8220;1&#8243; admin_label=&#8220;Features&#8220; _builder_version=&#8220;4.17.6&#8243; _module_preset=&#8220;default&#8220; background_color=&#8220;#FAF5EF&#8220; saved_tabs=&#8220;all&#8220; locked=&#8220;off&#8220; collapsed=&#8220;off&#8220; global_colors_info=&#8220;{}&#8220;][et_pb_row _builder_version=&#8220;4.17.6&#8243; _module_preset=&#8220;default&#8220; max_width=&#8220;750px&#8220; global_colors_info=&#8220;{}&#8220;][et_pb_column type=&#8220;4_4&#8243; _builder_version=&#8220;4.17.6&#8243; _module_preset=&#8220;default&#8220; global_colors_info=&#8220;{}&#8220;][et_pb_text _builder_version=&#8220;4.25.1&#8243; _module_preset=&#8220;c16985e1-e0d6-4022-964d-e2bfc04fa633&#8243; header_font=&#8220;Manrope|700|||||||&#8220; header_text_color=&#8220;#D37643&#8243; header_font_size=&#8220;75px&#8220; header_letter_spacing=&#8220;0.05em&#8220; header_line_height=&#8220;1.2em&#8220; text_orientation=&#8220;center&#8220; hover_enabled=&#8220;0&#8243; header_font_size_tablet=&#8220;40px&#8220; header_font_size_phone=&#8220;24px&#8220; header_font_size_last_edited=&#8220;on|desktop&#8220; global_colors_info=&#8220;{}&#8220; sticky_enabled=&#8220;0&#8243;]<\/p>\n<h1>Alarmanlage<\/h1>\n<p>[\/et_pb_text][\/et_pb_column][\/et_pb_row][et_pb_row _builder_version=&#8220;4.19.5&#8243; _module_preset=&#8220;default&#8220; global_colors_info=&#8220;{}&#8220;][et_pb_column type=&#8220;4_4&#8243; _builder_version=&#8220;4.19.5&#8243; _module_preset=&#8220;default&#8220; global_colors_info=&#8220;{}&#8220;][et_pb_text _builder_version=&#8220;4.25.1&#8243; _module_preset=&#8220;default&#8220; header_2_line_height=&#8220;1.5em&#8220; hover_enabled=&#8220;0&#8243; global_colors_info=&#8220;{}&#8220; sticky_enabled=&#8220;0&#8243; header_2_font=&#8220;|700|||||||&#8220;]<\/p>\n<h2><span class=\"OYPEnA text-decoration-none text-strikethrough-none\" style=\"color: #341b0c; font-style: normal;\">Wie das Alarmsystem funktioniert<\/span><\/h2>\n<p>Die Alarmanlage besteht aus Folgendem:<\/p>\n<ul>\n<li>einen Rauchmelder im Wohnzimmer<\/li>\n<li>einen Wassersensor im Hauptbadezimmer, der sich auf dem Boden rechts neben dem Wasserbecken befindet<\/li>\n<li>einen \u00d6lleckagesensor auf dem K\u00fcchenboden in der N\u00e4he des Heizger\u00e4ts<\/li>\n<li>ein Bedienfeld, das sich in der K\u00fcche an der Wand befindet.<\/li>\n<\/ul>\n<p>Wenn einer der Melder (Rauch, Wasser oder \u00d6lleck) ausgel\u00f6st wird, wird das Alarmsystem aktiviert und ein Alarm ert\u00f6nt.<\/p>\n<p>Das Alarm-Bedienfeld in der K\u00fcche an der Wand zeigt die Art des Alarms an (Rauch, Wasser oder \u00d6lleck).<\/p>\n<h2>Wie Sie den Alarm deaktivieren<\/h2>\n<ul>\n<li>Im Falle eines Alarms begeben Sie sich sofort zur Alarmzentrale, die an der K\u00fcchenwand angebracht ist.<\/li>\n<li>Geben Sie den Code<strong>&#8222;2018<\/strong>&#8220; \u00fcber die Zifferntastatur des Bedienfelds ein.<\/li>\n<li>Der Alarm wird deaktiviert, und der Ton h\u00f6rt auf.<\/li>\n<\/ul>\n<h2>WICHTIG!<\/h2>\n<p>Der <strong>Wassersensor<\/strong> ist ziemlich empfindlich. Sollte der Wasseralarm ausgel\u00f6st werden, trocknen Sie bitte den Boden um und unter dem Sensor, um das Alarmsystem vollst\u00e4ndig zur\u00fcckzusetzen. Vielen Dank!<\/p>\n<p>&nbsp;<\/p>\n<p>[\/et_pb_text][\/et_pb_column][\/et_pb_row][et_pb_row _builder_version=&#8220;4.25.1&#8243; _module_preset=&#8220;default&#8220; global_colors_info=&#8220;{}&#8220;][et_pb_column type=&#8220;4_4&#8243; _builder_version=&#8220;4.25.1&#8243; _module_preset=&#8220;default&#8220; global_colors_info=&#8220;{}&#8220;][et_pb_image src=&#8220;https:\/\/engelberg-ferienwohnung.ch\/wp-content\/uploads\/2024\/06\/casa-siesta-alarm-1.jpg&#8220; title_text=&#8220;casa-siesta-alarm-1&#8243; _builder_version=&#8220;4.25.1&#8243; _module_preset=&#8220;default&#8220; hover_enabled=&#8220;0&#8243; global_colors_info=&#8220;{}&#8220; align=&#8220;center&#8220; sticky_enabled=&#8220;0&#8243;][\/et_pb_image][\/et_pb_column][\/et_pb_row][et_pb_row _builder_version=&#8220;4.19.5&#8243; _module_preset=&#8220;default&#8220; global_colors_info=&#8220;{}&#8220;][et_pb_column type=&#8220;4_4&#8243; _builder_version=&#8220;4.19.5&#8243; _module_preset=&#8220;default&#8220; global_colors_info=&#8220;{}&#8220;][et_pb_text _builder_version=&#8220;4.25.1&#8243; _module_preset=&#8220;default&#8220; header_2_text_color=&#8220;#000000&#8243; hover_enabled=&#8220;0&#8243; global_colors_info=&#8220;{}&#8220; sticky_enabled=&#8220;0&#8243; header_2_font=&#8220;|700|||||||&#8220;]<\/p>\n<h2>Kohlenmonoxid-Detektor<\/h2>\n<p>Der Kohlenmonoxid-Detektor befindet sich im Flur und funktioniert unabh\u00e4ngig.<\/p>\n<p>[\/et_pb_text][\/et_pb_column][\/et_pb_row][et_pb_row _builder_version=&#8220;4.19.5&#8243; _module_preset=&#8220;default&#8220; global_module=&#8220;664&#8243; global_colors_info=&#8220;{}&#8220;][et_pb_column type=&#8220;4_4&#8243; _builder_version=&#8220;4.19.5&#8243; _module_preset=&#8220;default&#8220; global_colors_info=&#8220;{}&#8220;][et_pb_text _builder_version=&#8220;4.25.1&#8243; _module_preset=&#8220;b327cbe4-b1d5-4b66-ad37-40c8f2f061ba&#8220; header_2_font=&#8220;Manrope|700|||||||&#8220; header_2_text_color=&#8220;#000000&#8243; header_2_font_size=&#8220;48px&#8220; header_2_line_height=&#8220;1.2em&#8220; text_orientation=&#8220;center&#8220; link_option_url=&#8220;https:\/\/engelberg-ferienwohnung.ch\/wp-content\/uploads\/2024\/01\/Siesta-House-Rules-EN.pdf&#8220; link_option_url_new_window=&#8220;on&#8220; header_2_font_size_tablet=&#8220;32px&#8220; header_2_font_size_phone=&#8220;20px&#8220; header_2_font_size_last_edited=&#8220;on|desktop&#8220; global_colors_info=&#8220;{}&#8220;]<\/p>\n<h2>Andere Themen<\/h2>\n<p>[\/et_pb_text][et_pb_button button_text=&#8220;Alarmanlage&#8220; button_alignment=&#8220;center&#8220; _builder_version=&#8220;4.25.1&#8243; _module_preset=&#8220;default&#8220; custom_button=&#8220;on&#8220; button_use_icon=&#8220;off&#8220; hover_enabled=&#8220;0&#8243; global_colors_info=&#8220;{}&#8220; button_bg_color__hover=&#8220;rgba(0,129,134,0.21)&#8220; button_bg_color__hover_enabled=&#8220;on|desktop&#8220; button_url=&#8220;https:\/\/engelberg-ferienwohnung.ch\/house-manual-and-rules\/alarm-system\/&#8220; sticky_enabled=&#8220;0&#8243;][\/et_pb_button][et_pb_button button_url=&#8220;https:\/\/engelberg-ferienwohnung.ch\/de\/haushandbuch-und-ordnung\/heizung\/&#8220; button_text=&#8220;Heizung&#8220; button_alignment=&#8220;center&#8220; _builder_version=&#8220;4.25.1&#8243; _module_preset=&#8220;default&#8220; custom_button=&#8220;on&#8220; button_use_icon=&#8220;off&#8220; global_colors_info=&#8220;{}&#8220; button_bg_color__hover_enabled=&#8220;on|desktop&#8220; button_bg_color__hover=&#8220;rgba(0,129,134,0.21)&#8220; button_bg_enable_color__hover=&#8220;on&#8220;][\/et_pb_button][et_pb_button button_url=&#8220;https:\/\/engelberg-ferienwohnung.ch\/de\/haushandbuch-und-ordnung\/recycling\/&#8220; button_text=&#8220;M\u00fcll und Recycling&#8220; button_alignment=&#8220;center&#8220; _builder_version=&#8220;4.25.1&#8243; _module_preset=&#8220;default&#8220; custom_button=&#8220;on&#8220; button_use_icon=&#8220;off&#8220; global_colors_info=&#8220;{}&#8220; button_bg_color__hover=&#8220;rgba(0,129,134,0.21)&#8220; button_bg_color__hover_enabled=&#8220;on|desktop&#8220;][\/et_pb_button][et_pb_button button_url=&#8220;https:\/\/engelberg-ferienwohnung.ch\/de\/haushandbuch-und-ordnung\/warmwasser\/&#8220; button_text=&#8220;Hei\u00dfes Wasser&#8220; button_alignment=&#8220;center&#8220; _builder_version=&#8220;4.25.1&#8243; _module_preset=&#8220;default&#8220; custom_button=&#8220;on&#8220; button_use_icon=&#8220;off&#8220; global_colors_info=&#8220;{}&#8220; button_bg_color__hover=&#8220;rgba(0,129,134,0.21)&#8220; button_bg_color__hover_enabled=&#8220;on|desktop&#8220;][\/et_pb_button][et_pb_button button_url=&#8220;https:\/\/engelberg-ferienwohnung.ch\/de\/haushandbuch-und-ordnung\/waschmaschine-und-trockner\/&#8220; button_text=&#8220;Waschmaschine und Trockner&#8220; button_alignment=&#8220;center&#8220; _builder_version=&#8220;4.25.1&#8243; _module_preset=&#8220;default&#8220; custom_button=&#8220;on&#8220; button_use_icon=&#8220;off&#8220; global_colors_info=&#8220;{}&#8220; button_bg_color__hover=&#8220;rgba(0,129,134,0.21)&#8220; button_bg_color__hover_enabled=&#8220;on|desktop&#8220;][\/et_pb_button][et_pb_button button_url=&#8220;https:\/\/engelberg-ferienwohnung.ch\/de\/haushandbuch-und-ordnung\/smart-tv\/&#8220; button_text=&#8220;Smart TV&#8220; button_alignment=&#8220;center&#8220; _builder_version=&#8220;4.25.1&#8243; _module_preset=&#8220;default&#8220; custom_button=&#8220;on&#8220; button_use_icon=&#8220;off&#8220; global_colors_info=&#8220;{}&#8220; button_bg_color__hover=&#8220;rgba(0,129,134,0.21)&#8220; button_bg_color__hover_enabled=&#8220;on|desktop&#8220;][\/et_pb_button][et_pb_button button_url=&#8220;https:\/\/engelberg-ferienwohnung.ch\/de\/haushandbuch-und-ordnung\/parkplatz\/&#8220; button_text=&#8220;Parkpl\u00e4tze&#8220; button_alignment=&#8220;center&#8220; _builder_version=&#8220;4.25.1&#8243; _module_preset=&#8220;default&#8220; custom_button=&#8220;on&#8220; button_use_icon=&#8220;off&#8220; global_colors_info=&#8220;{}&#8220; button_bg_color__hover=&#8220;rgba(0,129,134,0.21)&#8220; button_bg_color__hover_enabled=&#8220;on|desktop&#8220;][\/et_pb_button][et_pb_button button_text=&#8220;Schl\u00fcssel und T\u00fcren&#8220; button_alignment=&#8220;center&#8220; _builder_version=&#8220;4.25.1&#8243; _module_preset=&#8220;default&#8220; custom_button=&#8220;on&#8220; button_use_icon=&#8220;off&#8220; global_colors_info=&#8220;{}&#8220; button_bg_color__hover=&#8220;rgba(0,129,134,0.21)&#8220; button_bg_color__hover_enabled=&#8220;on|desktop&#8220;][\/et_pb_button][et_pb_button button_text=&#8220;Kaffeemaschine&#8220; button_alignment=&#8220;center&#8220; _builder_version=&#8220;4.25.1&#8243; _module_preset=&#8220;default&#8220; custom_button=&#8220;on&#8220; button_use_icon=&#8220;off&#8220; global_colors_info=&#8220;{}&#8220; button_bg_color__hover=&#8220;rgba(0,129,134,0.21)&#8220; button_bg_color__hover_enabled=&#8220;on|desktop&#8220;][\/et_pb_button][et_pb_button button_text=&#8220;Geschirrsp\u00fcler&#8220; button_alignment=&#8220;center&#8220; _builder_version=&#8220;4.25.1&#8243; _module_preset=&#8220;default&#8220; custom_button=&#8220;on&#8220; button_use_icon=&#8220;off&#8220; global_colors_info=&#8220;{}&#8220; button_bg_color__hover=&#8220;rgba(0,129,134,0.21)&#8220; button_bg_color__hover_enabled=&#8220;on|desktop&#8220;][\/et_pb_button][et_pb_button button_text=&#8220;Elektrisches System&#8220; button_alignment=&#8220;center&#8220; _builder_version=&#8220;4.25.1&#8243; _module_preset=&#8220;default&#8220; custom_button=&#8220;on&#8220; button_use_icon=&#8220;off&#8220; global_colors_info=&#8220;{}&#8220; button_bg_color__hover=&#8220;rgba(0,129,134,0.21)&#8220; button_bg_color__hover_enabled=&#8220;on|desktop&#8220;][\/et_pb_button][et_pb_button button_text=&#8220;Kinder&#8220; button_alignment=&#8220;center&#8220; _builder_version=&#8220;4.25.1&#8243; _module_preset=&#8220;default&#8220; custom_button=&#8220;on&#8220; button_use_icon=&#8220;off&#8220; global_colors_info=&#8220;{}&#8220; button_bg_color__hover=&#8220;rgba(0,129,134,0.21)&#8220; button_bg_color__hover_enabled=&#8220;on|desktop&#8220;][\/et_pb_button][\/et_pb_column][\/et_pb_row][\/et_pb_section][et_pb_section fb_built=&#8220;1&#8243; admin_label=&#8220;Footer&#8220; _builder_version=&#8220;4.17.6&#8243; _module_preset=&#8220;default&#8220; background_color=&#8220;#FAF5EF&#8220; custom_padding=&#8220;||0px||false|false&#8220; global_module=&#8220;96&#8243; saved_tabs=&#8220;all&#8220; collapsed=&#8220;on&#8220; global_colors_info=&#8220;{}&#8220;][et_pb_row column_structure=&#8220;1_3,1_3,1_3&#8243; _builder_version=&#8220;4.17.6&#8243; _module_preset=&#8220;default&#8220; global_colors_info=&#8220;{}&#8220;][et_pb_column type=&#8220;1_3&#8243; _builder_version=&#8220;4.17.6&#8243; _module_preset=&#8220;default&#8220; global_colors_info=&#8220;{}&#8220;][et_pb_image src=&#8220;https:\/\/engelberg-ferienwohnung.ch\/wp-content\/uploads\/2023\/02\/casa-siesta-logo-no-text-250&#215;250-1.png&#8220; title_text=&#8220;casa-siesta-logo-no-text-250&#215;250&#8243; _builder_version=&#8220;4.19.5&#8243; _module_preset=&#8220;default&#8220; width=&#8220;40%&#8220; global_colors_info=&#8220;{}&#8220;][\/et_pb_image][et_pb_text _builder_version=&#8220;4.19.5&#8243; _module_preset=&#8220;4827deed-2a92-4d97-a22f-f01067ae6873&#8243; header_font=&#8220;||||||||&#8220; header_4_font=&#8220;Manrope|700|||||||&#8220; header_4_text_color=&#8220;#000000&#8243; header_4_font_size=&#8220;19px&#8220; header_4_line_height=&#8220;1.4em&#8220; custom_margin=&#8220;||0px||false|false&#8220; header_4_font_size_tablet=&#8220;16px&#8220; header_4_font_size_phone=&#8220;14px&#8220; header_4_font_size_last_edited=&#8220;on|tablet&#8220; global_colors_info=&#8220;{}&#8220;]<\/p>\n<h4>Casa Siesta<\/h4>\n<p>[\/et_pb_text][\/et_pb_column][et_pb_column type=&#8220;1_3&#8243; _builder_version=&#8220;4.17.6&#8243; _module_preset=&#8220;default&#8220; global_colors_info=&#8220;{}&#8220;][et_pb_text _builder_version=&#8220;4.17.6&#8243; _module_preset=&#8220;4827deed-2a92-4d97-a22f-f01067ae6873&#8243; header_font=&#8220;||||||||&#8220; header_4_font=&#8220;Manrope|700|||||||&#8220; header_4_text_color=&#8220;#000000&#8243; header_4_font_size=&#8220;19px&#8220; header_4_line_height=&#8220;1.4em&#8220; custom_margin=&#8220;||20px||false|false&#8220; header_4_font_size_tablet=&#8220;16px&#8220; header_4_font_size_phone=&#8220;14px&#8220; header_4_font_size_last_edited=&#8220;on|tablet&#8220; global_colors_info=&#8220;{}&#8220;]<\/p>\n<h4>Aufenthalt<\/h4>\n<p>[\/et_pb_text][et_pb_text _builder_version=&#8220;4.20.0&#8243; _module_preset=&#8220;1f09816e-184e-4ce5-a4cf-b39c52c423ca&#8220; text_font=&#8220;Open Sans||||||||&#8220; text_text_color=&#8220;#666666&#8243; text_font_size=&#8220;16px&#8220; text_line_height=&#8220;1.8em&#8220; link_font=&#8220;|600|||||||&#8220; link_text_color=&#8220;#008186&#8243; custom_margin=&#8220;||10px||false|false&#8220; text_font_size_tablet=&#8220;15px&#8220; text_font_size_phone=&#8220;14px&#8220; text_font_size_last_edited=&#8220;on|phone&#8220; header_font_size_tablet=&#8220;55px&#8220; header_font_size_last_edited=&#8220;off|desktop&#8220; global_colors_info=&#8220;{}&#8220;]<\/p>\n<p><a href=\"https:\/\/engelberg-ferienwohnung.ch\/rooms\/\">Zimmer<\/a><\/p>\n<p>[\/et_pb_text][et_pb_text _builder_version=&#8220;4.20.0&#8243; _module_preset=&#8220;1f09816e-184e-4ce5-a4cf-b39c52c423ca&#8220; text_font=&#8220;Open Sans||||||||&#8220; text_text_color=&#8220;#666666&#8243; text_font_size=&#8220;16px&#8220; text_line_height=&#8220;1.8em&#8220; link_font=&#8220;|600|||||||&#8220; link_text_color=&#8220;#008186&#8243; custom_margin=&#8220;||10px||false|false&#8220; text_font_size_tablet=&#8220;15px&#8220; text_font_size_phone=&#8220;14px&#8220; text_font_size_last_edited=&#8220;on|phone&#8220; header_font_size_tablet=&#8220;55px&#8220; header_font_size_last_edited=&#8220;off|desktop&#8220; global_colors_info=&#8220;{}&#8220;]<\/p>\n<p><a href=\"https:\/\/engelberg-ferienwohnung.ch\/de\/annehmlichkeiten\/\">Austattung<\/a><\/p>\n<p>[\/et_pb_text][et_pb_text _builder_version=&#8220;4.19.5&#8243; _module_preset=&#8220;1f09816e-184e-4ce5-a4cf-b39c52c423ca&#8220; text_font=&#8220;Open Sans|600|||||||&#8220; text_font_size=&#8220;16px&#8220; text_line_height=&#8220;1.8em&#8220; custom_margin=&#8220;||10px||false|false&#8220; text_font_size_tablet=&#8220;15px&#8220; text_font_size_phone=&#8220;14px&#8220; text_font_size_last_edited=&#8220;on|phone&#8220; header_font_size_tablet=&#8220;55px&#8220; header_font_size_last_edited=&#8220;off|desktop&#8220; global_colors_info=&#8220;{}&#8220;]<\/p>\n<p><a href=\"https:\/\/www.engelberg.ch\/en\/aktuelles-events\/events?tx_fmdlanguagedetection[persist]=1&amp;cHash=ee590d5e01e939d6404a468739758e2f#\/events\" target=\"_blank\" rel=\"noopener\">Veranstaltungen<\/a><\/p>\n<p>[\/et_pb_text][et_pb_text _builder_version=&#8220;4.19.5&#8243; _module_preset=&#8220;1f09816e-184e-4ce5-a4cf-b39c52c423ca&#8220; text_font=&#8220;Open Sans||||||||&#8220; text_text_color=&#8220;#666666&#8243; text_font_size=&#8220;16px&#8220; text_line_height=&#8220;1.8em&#8220; link_font=&#8220;|600|||||||&#8220; custom_margin=&#8220;||10px||false|false&#8220; text_font_size_tablet=&#8220;15px&#8220; text_font_size_phone=&#8220;14px&#8220; text_font_size_last_edited=&#8220;on|phone&#8220; header_font_size_tablet=&#8220;55px&#8220; header_font_size_last_edited=&#8220;off|desktop&#8220; global_colors_info=&#8220;{}&#8220;]<\/p>\n<p><a href=\"https:\/\/www.engelberg.ch\/fileadmin\/redakteur\/engelberg_Rebrush_2021\/PDF_2020\/2022-23_Busfahrplan_Winter_EAB_90x148_4f_WEB.pdf\" target=\"_blank\" rel=\"noopener\">\u00d6ffentliche Verkehrsmittel<\/a><\/p>\n<p>[\/et_pb_text][\/et_pb_column][et_pb_column type=&#8220;1_3&#8243; _builder_version=&#8220;4.17.6&#8243; _module_preset=&#8220;default&#8220; global_colors_info=&#8220;{}&#8220;][et_pb_text _builder_version=&#8220;4.17.6&#8243; _module_preset=&#8220;4827deed-2a92-4d97-a22f-f01067ae6873&#8243; header_font=&#8220;||||||||&#8220; header_4_font=&#8220;Manrope|700|||||||&#8220; header_4_text_color=&#8220;#000000&#8243; header_4_font_size=&#8220;19px&#8220; header_4_line_height=&#8220;1.4em&#8220; custom_margin=&#8220;||20px||false|false&#8220; header_4_font_size_tablet=&#8220;16px&#8220; header_4_font_size_phone=&#8220;14px&#8220; header_4_font_size_last_edited=&#8220;on|tablet&#8220; locked=&#8220;off&#8220; global_colors_info=&#8220;{}&#8220;]<\/p>\n<h4>Kontakt<\/h4>\n<p>[\/et_pb_text][et_pb_text _builder_version=&#8220;4.19.5&#8243; _module_preset=&#8220;4827deed-2a92-4d97-a22f-f01067ae6873&#8243; header_font=&#8220;||||||||&#8220; header_4_font=&#8220;Manrope|700|||||||&#8220; header_4_text_color=&#8220;#008186&#8243; header_4_font_size=&#8220;19px&#8220; header_4_line_height=&#8220;1.4em&#8220; custom_margin=&#8220;||0px||false|false&#8220; header_4_font_size_tablet=&#8220;16px&#8220; header_4_font_size_phone=&#8220;14px&#8220; header_4_font_size_last_edited=&#8220;on|tablet&#8220; global_colors_info=&#8220;{}&#8220;]<\/p>\n<h4>+41 79 276 63 37<\/h4>\n<p>[\/et_pb_text][et_pb_button button_url=&#8220;https:\/\/engelberg-ferienwohnung.ch\/contact\/&#8220; button_text=&#8220;Kontakt&#8220; _builder_version=&#8220;4.19.5&#8243; _module_preset=&#8220;db46e67d-9505-40bb-9ebd-8901bc8b3a95&#8243; custom_button=&#8220;on&#8220; button_text_size=&#8220;14px&#8220; button_text_color=&#8220;#FFFFFF&#8220; button_bg_color=&#8220;#000000&#8243; button_border_width=&#8220;0px&#8220; button_border_radius=&#8220;0px&#8220; button_font=&#8220;Inter|700||on|||||&#8220; custom_padding=&#8220;16px|24px|16px|24px|true|true&#8220; global_colors_info=&#8220;{}&#8220;][\/et_pb_button][\/et_pb_column][\/et_pb_row][et_pb_row _builder_version=&#8220;4.17.6&#8243; _module_preset=&#8220;default&#8220; width=&#8220;100%&#8220; max_width=&#8220;100%&#8220; custom_padding=&#8220;||0px||false|false&#8220; global_colors_info=&#8220;{}&#8220;][et_pb_column type=&#8220;4_4&#8243; _builder_version=&#8220;4.17.6&#8243; _module_preset=&#8220;default&#8220; global_colors_info=&#8220;{}&#8220;][et_pb_image src=&#8220;https:\/\/engelberg-ferienwohnung.ch\/wp-content\/uploads\/2023\/02\/hostel_49.png&#8220; title_text=&#8220;Herberge_49&#8243; force_fullwidth=&#8220;on&#8220; _builder_version=&#8220;4.17.6&#8243; _module_preset=&#8220;default&#8220; global_colors_info=&#8220;{}&#8220;][\/et_pb_image][\/et_pb_column][\/et_pb_row][\/et_pb_section]<\/p>\n","protected":false},"excerpt":{"rendered":"<p>AlarmanlageWie das Alarmsystem funktioniert Die Alarmanlage besteht aus Folgendem: einen Rauchmelder im Wohnzimmer einen Wassersensor im Hauptbadezimmer, der sich auf dem Boden rechts neben dem Wasserbecken befindet einen \u00d6lleckagesensor auf dem K\u00fcchenboden in der N\u00e4he des Heizger\u00e4ts ein Bedienfeld, das sich in der K\u00fcche an der Wand befindet. Wenn einer der Melder (Rauch, Wasser oder [&hellip;]<\/p>\n","protected":false},"author":1,"featured_media":0,"parent":573,"menu_order":0,"comment_status":"closed","ping_status":"closed","template":"","meta":{"_et_pb_use_builder":"on","_et_pb_old_content":"","_et_gb_content_width":"","footnotes":""},"class_list":["post-789","page","type-page","status-publish","hentry"],"_links":{"self":[{"href":"https:\/\/engelberg-ferienwohnung.ch\/de\/wp-json\/wp\/v2\/pages\/789","targetHints":{"allow":["GET"]}}],"collection":[{"href":"https:\/\/engelberg-ferienwohnung.ch\/de\/wp-json\/wp\/v2\/pages"}],"about":[{"href":"https:\/\/engelberg-ferienwohnung.ch\/de\/wp-json\/wp\/v2\/types\/page"}],"author":[{"embeddable":true,"href":"https:\/\/engelberg-ferienwohnung.ch\/de\/wp-json\/wp\/v2\/users\/1"}],"replies":[{"embeddable":true,"href":"https:\/\/engelberg-ferienwohnung.ch\/de\/wp-json\/wp\/v2\/comments?post=789"}],"version-history":[{"count":2,"href":"https:\/\/engelberg-ferienwohnung.ch\/de\/wp-json\/wp\/v2\/pages\/789\/revisions"}],"predecessor-version":[{"id":791,"href":"https:\/\/engelberg-ferienwohnung.ch\/de\/wp-json\/wp\/v2\/pages\/789\/revisions\/791"}],"up":[{"embeddable":true,"href":"https:\/\/engelberg-ferienwohnung.ch\/de\/wp-json\/wp\/v2\/pages\/573"}],"wp:attachment":[{"href":"https:\/\/engelberg-ferienwohnung.ch\/de\/wp-json\/wp\/v2\/media?parent=789"}],"curies":[{"name":"wp","href":"https:\/\/api.w.org\/{rel}","templated":true}]}}